{"id":7,"date":"2025-06-06T08:23:50","date_gmt":"2025-06-06T06:23:50","guid":{"rendered":"https:\/\/vercors-permis.fr\/?page_id=7"},"modified":"2026-02-16T16:47:22","modified_gmt":"2026-02-16T15:47:22","slug":"accueil","status":"publish","type":"page","link":"https:\/\/vercors-permis.fr\/","title":{"rendered":"Accueil"},"content":{"rendered":"\t\t<div data-elementor-type=\"wp-page\" data-elementor-id=\"7\" class=\"elementor elementor-7\">\n\t\t\t\t<div class=\"elementor-element elementor-element-caa0a78 e-flex e-con-boxed e-con e-parent\" data-id=\"caa0a78\" data-element_type=\"container\" data-e-type=\"container\" data-settings=\"{&quot;background_background&quot;:&quot;slideshow&quot;,&quot;background_slideshow_gallery&quot;:[{&quot;id&quot;:500,&quot;url&quot;:&quot;https:\\\/\\\/vercors-permis.fr\\\/wp-content\\\/uploads\\\/2025\\\/09\\\/fond-haut.jpg&quot;}],&quot;background_slideshow_slide_duration&quot;:5000,&quot;background_slideshow_slide_transition&quot;:&quot;fade&quot;,&quot;background_slideshow_transition_duration&quot;:500}\">\n\t\t\t\t\t<div class=\"e-con-inner\">\n\t\t\t\t<div class=\"elementor-element elementor-element-5b662bf elementor-widget elementor-widget-heading\" data-id=\"5b662bf\" data-element_type=\"widget\" data-e-type=\"widget\" data-widget_type=\"heading.default\">\n\t\t\t\t<div class=\"elementor-widget-container\">\n\t\t\t\t\t<h2 class=\"elementor-heading-title elementor-size-default\"><br><br>Votre r\u00e9ussite est notre priorit\u00e9<\/h2>\t\t\t\t<\/div>\n\t\t\t\t<\/div>\n\t\t\t\t<div class=\"elementor-element elementor-element-0fcc4b1 elementor-widget elementor-widget-text-editor\" data-id=\"0fcc4b1\" data-element_type=\"widget\" data-e-type=\"widget\" data-widget_type=\"text-editor.default\">\n\t\t\t\t<div class=\"elementor-widget-container\">\n\t\t\t\t\t\t\t\t\t<div>Obtenez votre permis de conduire avec VERCORS PERMIS,<\/div><div>votre auto-\u00e9cole de confiance dans la r\u00e9gion du Vercors<\/div>\t\t\t\t\t\t\t\t<\/div>\n\t\t\t\t<\/div>\n\t\t<div class=\"elementor-element elementor-element-96d592b e-grid e-con-full e-con e-child\" data-id=\"96d592b\" data-element_type=\"container\" data-e-type=\"container\">\n\t\t\t\t<div class=\"elementor-element elementor-element-5c26375 elementor-align-right elementor-widget elementor-widget-button\" data-id=\"5c26375\" data-element_type=\"widget\" data-e-type=\"widget\" data-widget_type=\"button.default\">\n\t\t\t\t<div class=\"elementor-widget-container\">\n\t\t\t\t\t\t\t\t\t<div class=\"elementor-button-wrapper\">\n\t\t\t\t\t<a class=\"elementor-button elementor-button-link elementor-size-sm\" href=\"#contact\">\n\t\t\t\t\t\t<span class=\"elementor-button-content-wrapper\">\n\t\t\t\t\t\t\t\t\t<span class=\"elementor-button-text\">Nous contacter<\/span>\n\t\t\t\t\t<\/span>\n\t\t\t\t\t<\/a>\n\t\t\t\t<\/div>\n\t\t\t\t\t\t\t\t<\/div>\n\t\t\t\t<\/div>\n\t\t\t\t<div class=\"elementor-element elementor-element-703b0d6 elementor-align-left elementor-widget elementor-widget-button\" data-id=\"703b0d6\" data-element_type=\"widget\" data-e-type=\"widget\" data-widget_type=\"button.default\">\n\t\t\t\t<div class=\"elementor-widget-container\">\n\t\t\t\t\t\t\t\t\t<div class=\"elementor-button-wrapper\">\n\t\t\t\t\t<a class=\"elementor-button elementor-button-link elementor-size-sm\" href=\"#formations\">\n\t\t\t\t\t\t<span class=\"elementor-button-content-wrapper\">\n\t\t\t\t\t\t\t\t\t<span class=\"elementor-button-text\">D\u00e9couvrir nos formations<\/span>\n\t\t\t\t\t<\/span>\n\t\t\t\t\t<\/a>\n\t\t\t\t<\/div>\n\t\t\t\t\t\t\t\t<\/div>\n\t\t\t\t<\/div>\n\t\t\t\t<\/div>\n\t\t\t\t\t<\/div>\n\t\t\t\t<\/div>\n\t\t<div class=\"elementor-element elementor-element-b0da59a e-flex e-con-boxed e-con e-parent\" data-id=\"b0da59a\" data-element_type=\"container\" data-e-type=\"container\">\n\t\t\t\t\t<div class=\"e-con-inner\">\n\t\t\t\t<div class=\"elementor-element elementor-element-2b2fa5f elementor-widget elementor-widget-menu-anchor\" data-id=\"2b2fa5f\" data-element_type=\"widget\" data-e-type=\"widget\" data-widget_type=\"menu-anchor.default\">\n\t\t\t\t<div class=\"elementor-widget-container\">\n\t\t\t\t\t\t\t<div class=\"elementor-menu-anchor\" id=\"formations\"><\/div>\n\t\t\t\t\t\t<\/div>\n\t\t\t\t<\/div>\n\t\t\t\t<div class=\"elementor-element elementor-element-c9080b7 elementor-widget elementor-widget-heading\" data-id=\"c9080b7\" data-element_type=\"widget\" data-e-type=\"widget\" data-widget_type=\"heading.default\">\n\t\t\t\t<div class=\"elementor-widget-container\">\n\t\t\t\t\t<h2 class=\"elementor-heading-title elementor-size-default\">Nos formations<\/h2>\t\t\t\t<\/div>\n\t\t\t\t<\/div>\n\t\t\t\t<div class=\"elementor-element elementor-element-911b5a9 elementor-widget elementor-widget-text-editor\" data-id=\"911b5a9\" data-element_type=\"widget\" data-e-type=\"widget\" data-widget_type=\"text-editor.default\">\n\t\t\t\t<div class=\"elementor-widget-container\">\n\t\t\t\t\t\t\t\t\t<p>D\u00e9couvrez nos diff\u00e9rentes formules adapt\u00e9es \u00e0 vos besoins et \u00e0 votre rythme d&rsquo;apprentissage<\/p>\t\t\t\t\t\t\t\t<\/div>\n\t\t\t\t<\/div>\n\t\t\t\t\t<\/div>\n\t\t\t\t<\/div>\n\t\t<div class=\"elementor-element elementor-element-2ebd6eb e-flex e-con-boxed e-con e-parent\" data-id=\"2ebd6eb\" data-element_type=\"container\" data-e-type=\"container\">\n\t\t\t\t\t<div class=\"e-con-inner\">\n\t\t<div class=\"elementor-element elementor-element-1b59f07 e-con-full e-flex e-con e-child\" data-id=\"1b59f07\" data-element_type=\"container\" data-e-type=\"container\">\n\t\t\t\t<div class=\"elementor-element elementor-element-8c96a3d elementor-widget elementor-widget-heading\" data-id=\"8c96a3d\" data-element_type=\"widget\" data-e-type=\"widget\" data-widget_type=\"heading.default\">\n\t\t\t\t<div class=\"elementor-widget-container\">\n\t\t\t\t\t<h5 class=\"elementor-heading-title elementor-size-default\">Permis B<\/h5>\t\t\t\t<\/div>\n\t\t\t\t<\/div>\n\t\t\t\t<div class=\"elementor-element elementor-element-54b8ad4 elementor-widget elementor-widget-image\" data-id=\"54b8ad4\" data-element_type=\"widget\" data-e-type=\"widget\" data-widget_type=\"image.default\">\n\t\t\t\t<div class=\"elementor-widget-container\">\n\t\t\t\t\t\t\t\t\t\t\t\t\t\t\t<img fetchpriority=\"high\" decoding=\"async\" width=\"1024\" height=\"683\" src=\"https:\/\/vercors-permis.fr\/wp-content\/uploads\/2026\/02\/ChatGPT-Image-3-fevr.-2026-14_59_02-1024x683.png\" class=\"attachment-large size-large wp-image-552\" alt=\"\" srcset=\"https:\/\/vercors-permis.fr\/wp-content\/uploads\/2026\/02\/ChatGPT-Image-3-fevr.-2026-14_59_02-1024x683.png 1024w, https:\/\/vercors-permis.fr\/wp-content\/uploads\/2026\/02\/ChatGPT-Image-3-fevr.-2026-14_59_02-300x200.png 300w, https:\/\/vercors-permis.fr\/wp-content\/uploads\/2026\/02\/ChatGPT-Image-3-fevr.-2026-14_59_02-768x512.png 768w, https:\/\/vercors-permis.fr\/wp-content\/uploads\/2026\/02\/ChatGPT-Image-3-fevr.-2026-14_59_02-930x620.png 930w, https:\/\/vercors-permis.fr\/wp-content\/uploads\/2026\/02\/ChatGPT-Image-3-fevr.-2026-14_59_02.png 1536w\" sizes=\"(max-width: 1024px) 100vw, 1024px\" \/>\t\t\t\t\t\t\t\t\t\t\t\t\t\t\t<\/div>\n\t\t\t\t<\/div>\n\t\t\t\t<div class=\"elementor-element elementor-element-a65e07b elementor-widget elementor-widget-text-editor\" data-id=\"a65e07b\" data-element_type=\"widget\" data-e-type=\"widget\" data-widget_type=\"text-editor.default\">\n\t\t\t\t<div class=\"elementor-widget-container\">\n\t\t\t\t\t\t\t\t\t<div class=\"elementor-element elementor-element-87e68a3 elementor-widget elementor-widget-text-editor\" data-id=\"87e68a3\" data-element_type=\"widget\" data-widget_type=\"text-editor.default\"><div class=\"elementor-widget-container\"><p><strong>Formation compl\u00e8te \u00e0 la conduite avec moniteurs\/s exp\u00e9riment\u00e9\/s et suivi personnalis\u00e9<\/strong><\/p><ul><li>\u00c9valuation sur simulateur<\/li><li>Formation 20 h en BVM<\/li><li>Ou Formation\u00a0 13 h en BVA<\/li><li>Pr\u00e9pa et Accompagnement \u00e0 l\u2019examen<\/li><\/ul><\/div><\/div>\t\t\t\t\t\t\t\t<\/div>\n\t\t\t\t<\/div>\n\t\t\t\t<div class=\"elementor-element elementor-element-e2971f2 elementor-widget elementor-widget-text-editor\" data-id=\"e2971f2\" data-element_type=\"widget\" data-e-type=\"widget\" data-widget_type=\"text-editor.default\">\n\t\t\t\t<div class=\"elementor-widget-container\">\n\t\t\t\t\t\t\t\t\t<div class=\"elementor-element elementor-element-882bca3 elementor-widget elementor-widget-text-editor\" data-id=\"882bca3\" data-element_type=\"widget\" data-widget_type=\"text-editor.default\"><div class=\"elementor-widget-container\"><p><strong>T\u00e9l\u00e9chargements :<\/strong><\/p><ul><li><a href=\"https:\/\/vercors-permis.fr\/wp-content\/uploads\/2025\/11\/ENJEUX-DE-LA-FORMATION-PREPARATOIRE-A-LEXAMEN-DU-PERMIS-DE-CONDUIRE.pdf\" target=\"_blank\" rel=\"noopener\">Enjeux de la formation pr\u00e9paratoire \u00e0 l\u2019examen du permis de conduire<\/a><\/li><li><a href=\"https:\/\/vercors-permis.fr\/wp-content\/uploads\/2025\/08\/Procede-devaluation.pdf\" target=\"_blank\" rel=\"noopener\">Proc\u00e9d\u00e9 d\u2019\u00e9valuation<\/a><\/li><li><a href=\"https:\/\/vercors-permis.fr\/wp-content\/uploads\/2025\/08\/Programme-formation-a-la-conduite.pdf\" target=\"_blank\" rel=\"noopener\">Programme formation \u00e0 la conduite<\/a><\/li><li><a href=\"https:\/\/vercors-permis.fr\/wp-content\/uploads\/2025\/10\/PROGRAMME-DE-FORMATION-THEORIQUE-Permis-B.pdf\" target=\"_blank\" rel=\"noopener\">Programme de formation th\u00e9orique<\/a><\/li><li><a href=\"https:\/\/vercors-permis.fr\/wp-content\/uploads\/2025\/08\/Reglement-interieur-Vercors-Permis.pdf\" target=\"_blank\" rel=\"noopener\">R\u00e8glement int\u00e9rieur Vercors Permis<\/a><\/li><li><a href=\"https:\/\/vercors-permis.fr\/wp-content\/uploads\/2026\/02\/Tarifs-des-prestations-Formation-Permis-B.pdf\" target=\"_blank\" rel=\"noopener\">Tarif des prestations \u2013 Formation Permis B<\/a><\/li><li><a href=\"https:\/\/vercors-permis.fr\/wp-content\/uploads\/2026\/02\/Tarifs-des-prestations-Detail.pdf\" target=\"_blank\" rel=\"noopener\">Tarif des prestations \u2013 D\u00e9tail<\/a><\/li><\/ul><\/div><\/div>\t\t\t\t\t\t\t\t<\/div>\n\t\t\t\t<\/div>\n\t\t\t\t<\/div>\n\t\t<div class=\"elementor-element elementor-element-cc21d4d e-con-full e-flex e-con e-child\" data-id=\"cc21d4d\" data-element_type=\"container\" data-e-type=\"container\">\n\t\t\t\t<div class=\"elementor-element elementor-element-ed3ee62 elementor-widget elementor-widget-heading\" data-id=\"ed3ee62\" data-element_type=\"widget\" data-e-type=\"widget\" data-widget_type=\"heading.default\">\n\t\t\t\t<div class=\"elementor-widget-container\">\n\t\t\t\t\t<h5 class=\"elementor-heading-title elementor-size-default\">Conduite Accompagn\u00e9e (AAC)<\/h5>\t\t\t\t<\/div>\n\t\t\t\t<\/div>\n\t\t\t\t<div class=\"elementor-element elementor-element-faeb9fa elementor-widget elementor-widget-image\" data-id=\"faeb9fa\" data-element_type=\"widget\" data-e-type=\"widget\" data-widget_type=\"image.default\">\n\t\t\t\t<div class=\"elementor-widget-container\">\n\t\t\t\t\t\t\t\t\t\t\t\t\t\t\t<img decoding=\"async\" width=\"453\" height=\"404\" src=\"https:\/\/vercors-permis.fr\/wp-content\/uploads\/2025\/08\/Macaron-AAC.png\" class=\"attachment-large size-large wp-image-354\" alt=\"\" srcset=\"https:\/\/vercors-permis.fr\/wp-content\/uploads\/2025\/08\/Macaron-AAC.png 453w, https:\/\/vercors-permis.fr\/wp-content\/uploads\/2025\/08\/Macaron-AAC-300x268.png 300w\" sizes=\"(max-width: 453px) 100vw, 453px\" \/>\t\t\t\t\t\t\t\t\t\t\t\t\t\t\t<\/div>\n\t\t\t\t<\/div>\n\t\t\t\t<div class=\"elementor-element elementor-element-2365b76 elementor-widget elementor-widget-text-editor\" data-id=\"2365b76\" data-element_type=\"widget\" data-e-type=\"widget\" data-widget_type=\"text-editor.default\">\n\t\t\t\t<div class=\"elementor-widget-container\">\n\t\t\t\t\t\t\t\t\t<div class=\"elementor-element elementor-element-157458c elementor-widget elementor-widget-text-editor\" data-id=\"157458c\" data-element_type=\"widget\" data-widget_type=\"text-editor.default\"><div class=\"elementor-widget-container\"><p><strong>Formule id\u00e9ale pour les jeunes d\u00e8s 15 ans avec un apprentissage progressif et s\u00e9curis\u00e9<\/strong><\/p><ul><li>\u00c9valuation sur simulateur<\/li><li>Formation initiale 20 h en BVM<\/li><li>Ou Formation initiale 13 h en BVA<\/li><li>Voyage p\u00e9dagogique<\/li><li>RDV pr\u00e9alable conduite accompagn\u00e9e<\/li><li>RDV p\u00e9dagogiques<\/li><li>Pr\u00e9pa et Accompagnement \u00e0 l\u2019examen<\/li><\/ul><\/div><\/div>\t\t\t\t\t\t\t\t<\/div>\n\t\t\t\t<\/div>\n\t\t\t\t<div class=\"elementor-element elementor-element-6e60286 elementor-widget elementor-widget-text-editor\" data-id=\"6e60286\" data-element_type=\"widget\" data-e-type=\"widget\" data-widget_type=\"text-editor.default\">\n\t\t\t\t<div class=\"elementor-widget-container\">\n\t\t\t\t\t\t\t\t\t<div class=\"elementor-element elementor-element-d147ea7 elementor-widget elementor-widget-text-editor\" data-id=\"d147ea7\" data-element_type=\"widget\" data-widget_type=\"text-editor.default\"><div class=\"elementor-widget-container\"><p><strong>T\u00e9l\u00e9chargements :<\/strong><\/p><ul><li><a href=\"https:\/\/vercors-permis.fr\/wp-content\/uploads\/2025\/08\/Formation-AAC-et-CS.pdf\" target=\"_blank\" rel=\"noopener\">Formation AAC et CS<\/a><\/li><li><a href=\"https:\/\/vercors-permis.fr\/wp-content\/uploads\/2025\/08\/Procede-devaluation.pdf\" target=\"_blank\" rel=\"noopener\">Proc\u00e9d\u00e9 d\u2019\u00e9valuation<\/a><\/li><li><a href=\"https:\/\/vercors-permis.fr\/wp-content\/uploads\/2025\/08\/Programme-formation-a-la-conduite.pdf\" target=\"_blank\" rel=\"noopener\">Programme formation \u00e0 la conduite<\/a><\/li><li><a href=\"https:\/\/vercors-permis.fr\/wp-content\/uploads\/2025\/10\/PROGRAMME-DE-FORMATION-THEORIQUE-Permis-B.pdf\" target=\"_blank\" rel=\"noopener\">Programme de formation th\u00e9orique<\/a><\/li><li><a href=\"https:\/\/vercors-permis.fr\/wp-content\/uploads\/2025\/08\/Reglement-interieur-Vercors-Permis.pdf\" target=\"_blank\" rel=\"noopener\">R\u00e8glement int\u00e9rieur Vercors Permis<\/a><\/li><li><a href=\"https:\/\/vercors-permis.fr\/wp-content\/uploads\/2026\/02\/Tarifs-des-prestations-Formation-AAC.pdf\" target=\"_blank\" rel=\"noopener\">Tarif des prestations \u2013 Formation AAC<\/a><\/li><li><a href=\"https:\/\/vercors-permis.fr\/wp-content\/uploads\/2026\/02\/Tarifs-des-prestations-Detail.pdf\" target=\"_blank\" rel=\"noopener\">Tarif des prestations \u2013 D\u00e9tail<\/a><\/li><\/ul><\/div><\/div>\t\t\t\t\t\t\t\t<\/div>\n\t\t\t\t<\/div>\n\t\t\t\t<\/div>\n\t\t<div class=\"elementor-element elementor-element-f252ea5 e-con-full e-flex e-con e-child\" data-id=\"f252ea5\" data-element_type=\"container\" data-e-type=\"container\">\n\t\t\t\t<div class=\"elementor-element elementor-element-b12b4f5 elementor-widget elementor-widget-heading\" data-id=\"b12b4f5\" data-element_type=\"widget\" data-e-type=\"widget\" data-widget_type=\"heading.default\">\n\t\t\t\t<div class=\"elementor-widget-container\">\n\t\t\t\t\t<h5 class=\"elementor-heading-title elementor-size-default\">Permis AM (Scooter)<\/h5>\t\t\t\t<\/div>\n\t\t\t\t<\/div>\n\t\t\t\t<div class=\"elementor-element elementor-element-041eb46 elementor-widget elementor-widget-image\" data-id=\"041eb46\" data-element_type=\"widget\" data-e-type=\"widget\" data-widget_type=\"image.default\">\n\t\t\t\t<div class=\"elementor-widget-container\">\n\t\t\t\t\t\t\t\t\t\t\t\t\t\t\t<img decoding=\"async\" width=\"863\" height=\"486\" src=\"https:\/\/vercors-permis.fr\/wp-content\/uploads\/2025\/08\/1000020293.jpg\" class=\"attachment-large size-large wp-image-347\" alt=\"\" srcset=\"https:\/\/vercors-permis.fr\/wp-content\/uploads\/2025\/08\/1000020293.jpg 863w, https:\/\/vercors-permis.fr\/wp-content\/uploads\/2025\/08\/1000020293-300x169.jpg 300w, https:\/\/vercors-permis.fr\/wp-content\/uploads\/2025\/08\/1000020293-768x433.jpg 768w\" sizes=\"(max-width: 863px) 100vw, 863px\" \/>\t\t\t\t\t\t\t\t\t\t\t\t\t\t\t<\/div>\n\t\t\t\t<\/div>\n\t\t\t\t<div class=\"elementor-element elementor-element-f0086fe elementor-widget elementor-widget-text-editor\" data-id=\"f0086fe\" data-element_type=\"widget\" data-e-type=\"widget\" data-widget_type=\"text-editor.default\">\n\t\t\t\t<div class=\"elementor-widget-container\">\n\t\t\t\t\t\t\t\t\t<div class=\"elementor-element elementor-element-6f2018d elementor-widget elementor-widget-text-editor\" data-id=\"6f2018d\" data-element_type=\"widget\" data-widget_type=\"text-editor.default\"><div class=\"elementor-widget-container\"><p><strong>Formation pour conduire un cyclomoteur ou un quadricycle l\u00e9ger d\u00e8s 14 ans<\/strong><\/p><ul><li>Formation th\u00e9orique<\/li><li>Formation pratique<\/li><li>Piste priv\u00e9e aux Monts de Lans<\/li><li>Sensibilisation \u00e0 la s\u00e9curit\u00e9 routi\u00e8re<\/li><\/ul><\/div><\/div>\t\t\t\t\t\t\t\t<\/div>\n\t\t\t\t<\/div>\n\t\t\t\t<div class=\"elementor-element elementor-element-6d231f3 elementor-widget elementor-widget-text-editor\" data-id=\"6d231f3\" data-element_type=\"widget\" data-e-type=\"widget\" data-widget_type=\"text-editor.default\">\n\t\t\t\t<div class=\"elementor-widget-container\">\n\t\t\t\t\t\t\t\t\t<div class=\"elementor-element elementor-element-6628238 elementor-widget elementor-widget-text-editor\" data-id=\"6628238\" data-element_type=\"widget\" data-widget_type=\"text-editor.default\"><div class=\"elementor-widget-container\"><p><strong>T\u00e9l\u00e9chargements :<\/strong><\/p><ul><li><a href=\"https:\/\/vercors-permis.fr\/wp-content\/uploads\/2025\/11\/Permis-AM-Scooter-Details-et-plan-de-la-formation.pdf\" target=\"_blank\" rel=\"noopener\">Permis AM Scooter \u2013 D\u00e9tails et plan de la formation<\/a><\/li><li><a href=\"https:\/\/vercors-permis.fr\/wp-content\/uploads\/2025\/11\/Permis-AM-Scooter-Plan-de-la-formation-theorique-et-pratique.pdf\" target=\"_blank\" rel=\"noopener\">Plan de formation th\u00e9orique et pratique<\/a><\/li><li><a href=\"https:\/\/vercors-permis.fr\/wp-content\/uploads\/2025\/08\/Reglement-interieur-Vercors-Permis.pdf\" target=\"_blank\" rel=\"noopener\">R\u00e8glement int\u00e9rieur Vercors Permis<\/a><\/li><li><a href=\"https:\/\/vercors-permis.fr\/wp-content\/uploads\/2026\/02\/Tarifs-des-prestations-Formation-Permis-AM-Scooter.pdf\" target=\"_blank\" rel=\"noopener\">Tarif des prestations \u2013 Formation Permis AM Scooter<\/a><\/li><\/ul><\/div><\/div>\t\t\t\t\t\t\t\t<\/div>\n\t\t\t\t<\/div>\n\t\t\t\t<\/div>\n\t\t\t\t\t<\/div>\n\t\t\t\t<\/div>\n\t\t<div class=\"elementor-element elementor-element-e02048e e-flex e-con-boxed e-con e-parent\" data-id=\"e02048e\" data-element_type=\"container\" data-e-type=\"container\">\n\t\t\t\t\t<div class=\"e-con-inner\">\n\t\t<div class=\"elementor-element elementor-element-a4b6aec e-con-full e-flex e-con e-child\" data-id=\"a4b6aec\" data-element_type=\"container\" data-e-type=\"container\">\n\t\t\t\t<div class=\"elementor-element elementor-element-e73535f elementor-widget elementor-widget-heading\" data-id=\"e73535f\" data-element_type=\"widget\" data-e-type=\"widget\" data-widget_type=\"heading.default\">\n\t\t\t\t<div class=\"elementor-widget-container\">\n\t\t\t\t\t<h5 class=\"elementor-heading-title elementor-size-default\">Conduite supervis\u00e9e (CS)<\/h5>\t\t\t\t<\/div>\n\t\t\t\t<\/div>\n\t\t\t\t<div class=\"elementor-element elementor-element-a604977 elementor-widget elementor-widget-image\" data-id=\"a604977\" data-element_type=\"widget\" data-e-type=\"widget\" data-widget_type=\"image.default\">\n\t\t\t\t<div class=\"elementor-widget-container\">\n\t\t\t\t\t\t\t\t\t\t\t\t\t\t\t<img loading=\"lazy\" decoding=\"async\" width=\"453\" height=\"404\" src=\"https:\/\/vercors-permis.fr\/wp-content\/uploads\/2025\/09\/Macaron-CS-couleurs.png\" class=\"attachment-large size-large wp-image-518\" alt=\"\" srcset=\"https:\/\/vercors-permis.fr\/wp-content\/uploads\/2025\/09\/Macaron-CS-couleurs.png 453w, https:\/\/vercors-permis.fr\/wp-content\/uploads\/2025\/09\/Macaron-CS-couleurs-300x268.png 300w\" sizes=\"(max-width: 453px) 100vw, 453px\" \/>\t\t\t\t\t\t\t\t\t\t\t\t\t\t\t<\/div>\n\t\t\t\t<\/div>\n\t\t\t\t<div class=\"elementor-element elementor-element-cbd85af elementor-widget elementor-widget-text-editor\" data-id=\"cbd85af\" data-element_type=\"widget\" data-e-type=\"widget\" data-widget_type=\"text-editor.default\">\n\t\t\t\t<div class=\"elementor-widget-container\">\n\t\t\t\t\t\t\t\t\t<div class=\"elementor-element elementor-element-87e68a3 elementor-widget elementor-widget-text-editor\" data-id=\"87e68a3\" data-element_type=\"widget\" data-widget_type=\"text-editor.default\"><div class=\"elementor-widget-container\"><div class=\"elementor-element elementor-element-908d9ea elementor-widget elementor-widget-text-editor\" data-id=\"908d9ea\" data-element_type=\"widget\" data-widget_type=\"text-editor.default\"><div class=\"elementor-widget-container\"><p><strong>D\u00e8s 18 ans, pour continuer la conduite tout en \u00e9tant accompagn\u00e9<\/strong><\/p><ul><li>Apr\u00e8s un \u00e9chec au permis<\/li><li>Pour enrichir son exp\u00e9rience de la conduite<\/li><li>Conduire et \u00e9conomiser<\/li><li>Prendre confiance avec des bases solides<\/li><li>RDV pr\u00e9alable conduite supervis\u00e9e<\/li><\/ul><\/div><\/div><\/div><\/div>\t\t\t\t\t\t\t\t<\/div>\n\t\t\t\t<\/div>\n\t\t\t\t<div class=\"elementor-element elementor-element-e3cb36e elementor-widget elementor-widget-text-editor\" data-id=\"e3cb36e\" data-element_type=\"widget\" data-e-type=\"widget\" data-widget_type=\"text-editor.default\">\n\t\t\t\t<div class=\"elementor-widget-container\">\n\t\t\t\t\t\t\t\t\t<div class=\"elementor-element elementor-element-882bca3 elementor-widget elementor-widget-text-editor\" data-id=\"882bca3\" data-element_type=\"widget\" data-widget_type=\"text-editor.default\"><div class=\"elementor-widget-container\"><div class=\"elementor-element elementor-element-8a8a446 elementor-widget elementor-widget-text-editor\" data-id=\"8a8a446\" data-element_type=\"widget\" data-widget_type=\"text-editor.default\"><div class=\"elementor-widget-container\"><p><strong>T\u00e9l\u00e9chargements :<\/strong><\/p><ul><li><a href=\"https:\/\/vercors-permis.fr\/wp-content\/uploads\/2025\/08\/Formation-AAC-et-CS.pdf\" target=\"_blank\" rel=\"noopener\">Formation AAC et CS<\/a><\/li><li><a href=\"https:\/\/vercors-permis.fr\/wp-content\/uploads\/2025\/10\/PROGRAMME-DE-FORMATION-THEORIQUE-Permis-B.pdf\" target=\"_blank\" rel=\"noopener\">Programme de formation th\u00e9orique<\/a><\/li><li><a href=\"https:\/\/vercors-permis.fr\/wp-content\/uploads\/2025\/08\/Reglement-interieur-Vercors-Permis.pdf\" target=\"_blank\" rel=\"noopener\">R\u00e8glement int\u00e9rieur Vercors Permis<\/a><\/li><li><a href=\"https:\/\/vercors-permis.fr\/wp-content\/uploads\/2026\/02\/Tarifs-des-prestations-Formation-CS.pdf\" target=\"_blank\" rel=\"noopener\">Tarif des prestations \u2013 Formation CS<\/a><\/li><li><a href=\"https:\/\/vercors-permis.fr\/wp-content\/uploads\/2026\/02\/Tarifs-des-prestations-Detail.pdf\" target=\"_blank\" rel=\"noopener\">Tarif des prestations \u2013 D\u00e9tail<\/a><\/li><\/ul><\/div><\/div><\/div><\/div>\t\t\t\t\t\t\t\t<\/div>\n\t\t\t\t<\/div>\n\t\t\t\t<\/div>\n\t\t<div class=\"elementor-element elementor-element-b251964 e-con-full e-flex e-con e-child\" data-id=\"b251964\" data-element_type=\"container\" data-e-type=\"container\">\n\t\t\t\t<div class=\"elementor-element elementor-element-9a4d432 elementor-widget elementor-widget-heading\" data-id=\"9a4d432\" data-element_type=\"widget\" data-e-type=\"widget\" data-widget_type=\"heading.default\">\n\t\t\t\t<div class=\"elementor-widget-container\">\n\t\t\t\t\t<h5 class=\"elementor-heading-title elementor-size-default\">Formation acc\u00e9l\u00e9r\u00e9e<\/h5>\t\t\t\t<\/div>\n\t\t\t\t<\/div>\n\t\t\t\t<div class=\"elementor-element elementor-element-07df13a elementor-widget elementor-widget-image\" data-id=\"07df13a\" data-element_type=\"widget\" data-e-type=\"widget\" data-widget_type=\"image.default\">\n\t\t\t\t<div class=\"elementor-widget-container\">\n\t\t\t\t\t\t\t\t\t\t\t\t\t\t\t<img loading=\"lazy\" decoding=\"async\" width=\"604\" height=\"403\" src=\"https:\/\/vercors-permis.fr\/wp-content\/uploads\/2025\/08\/Formation-acceleree.png\" class=\"attachment-large size-large wp-image-353\" alt=\"\" srcset=\"https:\/\/vercors-permis.fr\/wp-content\/uploads\/2025\/08\/Formation-acceleree.png 604w, https:\/\/vercors-permis.fr\/wp-content\/uploads\/2025\/08\/Formation-acceleree-300x200.png 300w\" sizes=\"(max-width: 604px) 100vw, 604px\" \/>\t\t\t\t\t\t\t\t\t\t\t\t\t\t\t<\/div>\n\t\t\t\t<\/div>\n\t\t\t\t<div class=\"elementor-element elementor-element-db790bc elementor-widget elementor-widget-text-editor\" data-id=\"db790bc\" data-element_type=\"widget\" data-e-type=\"widget\" data-widget_type=\"text-editor.default\">\n\t\t\t\t<div class=\"elementor-widget-container\">\n\t\t\t\t\t\t\t\t\t<div class=\"elementor-element elementor-element-157458c elementor-widget elementor-widget-text-editor\" data-id=\"157458c\" data-element_type=\"widget\" data-widget_type=\"text-editor.default\"><div class=\"elementor-widget-container\"><div class=\"elementor-element elementor-element-6b55bba elementor-widget elementor-widget-text-editor\" data-id=\"6b55bba\" data-element_type=\"widget\" data-widget_type=\"text-editor.default\"><div class=\"elementor-widget-container\"><p><strong>Formation intensive pour obtenir votre permis rapidement, id\u00e9ale pour les personnes press\u00e9es (bo\u00eete vitesses automatique uniquement)<\/strong><\/p><ul><li>Formation condens\u00e9e<\/li><li>Cours intensifs<\/li><li>Passage rapide \u00e0 l\u2019examen<\/li><\/ul><\/div><\/div><\/div><\/div>\t\t\t\t\t\t\t\t<\/div>\n\t\t\t\t<\/div>\n\t\t\t\t<div class=\"elementor-element elementor-element-a668f31 elementor-widget elementor-widget-text-editor\" data-id=\"a668f31\" data-element_type=\"widget\" data-e-type=\"widget\" data-widget_type=\"text-editor.default\">\n\t\t\t\t<div class=\"elementor-widget-container\">\n\t\t\t\t\t\t\t\t\t<div class=\"elementor-element elementor-element-d147ea7 elementor-widget elementor-widget-text-editor\" data-id=\"d147ea7\" data-element_type=\"widget\" data-widget_type=\"text-editor.default\"><div class=\"elementor-widget-container\"><div class=\"elementor-element elementor-element-07f534c elementor-widget elementor-widget-text-editor\" data-id=\"07f534c\" data-element_type=\"widget\" data-widget_type=\"text-editor.default\"><div class=\"elementor-widget-container\"><p><strong>T\u00e9l\u00e9chargements :<\/strong><\/p><ul><li><a href=\"https:\/\/vercors-permis.fr\/wp-content\/uploads\/2025\/11\/ENJEUX-DE-LA-FORMATION-PREPARATOIRE-A-LEXAMEN-DU-PERMIS-DE-CONDUIRE.pdf\" target=\"_blank\" rel=\"noopener\">Enjeux de la formation pr\u00e9paratoire \u00e0 l\u2019examen du permis de conduire<\/a><\/li><li><a href=\"https:\/\/vercors-permis.fr\/wp-content\/uploads\/2025\/08\/Procede-devaluation.pdf\" target=\"_blank\" rel=\"noopener\">Proc\u00e9d\u00e9 d\u2019\u00e9valuation sp\u00e9cifique<\/a><\/li><li><a href=\"https:\/\/vercors-permis.fr\/wp-content\/uploads\/2025\/08\/Programme-formation-a-la-conduite.pdf\" target=\"_blank\" rel=\"noopener\">Programme formation \u00e0 la conduite<\/a><\/li><li><a href=\"https:\/\/vercors-permis.fr\/wp-content\/uploads\/2025\/08\/Reglement-interieur-Vercors-Permis.pdf\" target=\"_blank\" rel=\"noopener\">R\u00e8glement int\u00e9rieur Vercors Permis<\/a><\/li><li><a href=\"https:\/\/vercors-permis.fr\/wp-content\/uploads\/2026\/02\/Tarifs-des-prestations-Formation-acceleree-Permis-B78.pdf\" target=\"_blank\" rel=\"noopener\">Tarif des prestations \u2013 Formation acc\u00e9l\u00e9r\u00e9e Permis B78<\/a><\/li><li><a href=\"https:\/\/vercors-permis.fr\/wp-content\/uploads\/2026\/02\/Tarifs-des-prestations-Detail.pdf\" target=\"_blank\" rel=\"noopener\">Tarif des prestations \u2013 D\u00e9tail<\/a><\/li><\/ul><\/div><\/div><\/div><\/div>\t\t\t\t\t\t\t\t<\/div>\n\t\t\t\t<\/div>\n\t\t\t\t<\/div>\n\t\t<div class=\"elementor-element elementor-element-850768f e-con-full e-flex e-con e-child\" data-id=\"850768f\" data-element_type=\"container\" data-e-type=\"container\">\n\t\t\t\t<div class=\"elementor-element elementor-element-19eda07 elementor-widget elementor-widget-heading\" data-id=\"19eda07\" data-element_type=\"widget\" data-e-type=\"widget\" data-widget_type=\"heading.default\">\n\t\t\t\t<div class=\"elementor-widget-container\">\n\t\t\t\t\t<h5 class=\"elementor-heading-title elementor-size-default\">Perfectionnement<\/h5>\t\t\t\t<\/div>\n\t\t\t\t<\/div>\n\t\t\t\t<div class=\"elementor-element elementor-element-111b293 elementor-widget elementor-widget-image\" data-id=\"111b293\" data-element_type=\"widget\" data-e-type=\"widget\" data-widget_type=\"image.default\">\n\t\t\t\t<div class=\"elementor-widget-container\">\n\t\t\t\t\t\t\t\t\t\t\t\t\t\t\t<img loading=\"lazy\" decoding=\"async\" width=\"605\" height=\"403\" src=\"https:\/\/vercors-permis.fr\/wp-content\/uploads\/2025\/08\/Perfectionnement.jpg\" class=\"attachment-large size-large wp-image-356\" alt=\"\" srcset=\"https:\/\/vercors-permis.fr\/wp-content\/uploads\/2025\/08\/Perfectionnement.jpg 605w, https:\/\/vercors-permis.fr\/wp-content\/uploads\/2025\/08\/Perfectionnement-300x200.jpg 300w\" sizes=\"(max-width: 605px) 100vw, 605px\" \/>\t\t\t\t\t\t\t\t\t\t\t\t\t\t\t<\/div>\n\t\t\t\t<\/div>\n\t\t\t\t<div class=\"elementor-element elementor-element-b991611 elementor-widget elementor-widget-text-editor\" data-id=\"b991611\" data-element_type=\"widget\" data-e-type=\"widget\" data-widget_type=\"text-editor.default\">\n\t\t\t\t<div class=\"elementor-widget-container\">\n\t\t\t\t\t\t\t\t\t<div class=\"elementor-element elementor-element-6f2018d elementor-widget elementor-widget-text-editor\" data-id=\"6f2018d\" data-element_type=\"widget\" data-widget_type=\"text-editor.default\"><div class=\"elementor-widget-container\"><div class=\"elementor-element elementor-element-45c955f elementor-widget elementor-widget-text-editor\" data-id=\"45c955f\" data-element_type=\"widget\" data-widget_type=\"text-editor.default\"><div class=\"elementor-widget-container\"><p><strong>Am\u00e9liorez votre conduite et gagnez en confiance avec nos cours de perfectionnement<\/strong><\/p><ul><li>Reprise du volant<\/li><li>Remise en confiance<\/li><li>Conduite en montagne<\/li><li>Conduite \u00e9co-responsable<\/li><\/ul><\/div><\/div><\/div><\/div>\t\t\t\t\t\t\t\t<\/div>\n\t\t\t\t<\/div>\n\t\t\t\t<div class=\"elementor-element elementor-element-0994e31 elementor-widget elementor-widget-text-editor\" data-id=\"0994e31\" data-element_type=\"widget\" data-e-type=\"widget\" data-widget_type=\"text-editor.default\">\n\t\t\t\t<div class=\"elementor-widget-container\">\n\t\t\t\t\t\t\t\t\t<div class=\"elementor-element elementor-element-6628238 elementor-widget elementor-widget-text-editor\" data-id=\"6628238\" data-element_type=\"widget\" data-widget_type=\"text-editor.default\"><div class=\"elementor-widget-container\"><div class=\"elementor-element elementor-element-5a01a8b elementor-widget elementor-widget-text-editor\" data-id=\"5a01a8b\" data-element_type=\"widget\" data-widget_type=\"text-editor.default\"><div class=\"elementor-widget-container\"><p><strong>T\u00e9l\u00e9chargements :<\/strong><\/p><ul><li><a href=\"https:\/\/vercors-permis.fr\/wp-content\/uploads\/2025\/08\/Procede-devaluation.pdf\" target=\"_blank\" rel=\"noopener\">Proc\u00e9d\u00e9 d\u2019\u00e9valuation<\/a><\/li><li><a href=\"https:\/\/vercors-permis.fr\/wp-content\/uploads\/2025\/08\/Reglement-interieur-Vercors-Permis.pdf\" target=\"_blank\" rel=\"noopener\">R\u00e8glement int\u00e9rieur Vercors Permis<\/a><\/li><li><a href=\"https:\/\/vercors-permis.fr\/wp-content\/uploads\/2026\/02\/Tarifs-des-prestations-Detail.pdf\" target=\"_blank\" rel=\"noopener\">Tarif des prestations \u2013 D\u00e9tail<\/a><\/li><\/ul><\/div><\/div><\/div><\/div>\t\t\t\t\t\t\t\t<\/div>\n\t\t\t\t<\/div>\n\t\t\t\t<\/div>\n\t\t\t\t\t<\/div>\n\t\t\t\t<\/div>\n\t\t<div class=\"elementor-element elementor-element-2e3a934 e-flex e-con-boxed e-con e-parent\" data-id=\"2e3a934\" data-element_type=\"container\" data-e-type=\"container\">\n\t\t\t\t\t<div class=\"e-con-inner\">\n\t\t<div class=\"elementor-element elementor-element-d0486a4 e-con-full e-flex e-con e-child\" data-id=\"d0486a4\" data-element_type=\"container\" data-e-type=\"container\">\n\t\t\t\t<div class=\"elementor-element elementor-element-f30a7e4 elementor-widget elementor-widget-heading\" data-id=\"f30a7e4\" data-element_type=\"widget\" data-e-type=\"widget\" data-widget_type=\"heading.default\">\n\t\t\t\t<div class=\"elementor-widget-container\">\n\t\t\t\t\t<h5 class=\"elementor-heading-title elementor-size-default\">Formation Post-Permis<\/h5>\t\t\t\t<\/div>\n\t\t\t\t<\/div>\n\t\t\t\t<div class=\"elementor-element elementor-element-008d1b6 elementor-widget elementor-widget-image\" data-id=\"008d1b6\" data-element_type=\"widget\" data-e-type=\"widget\" data-widget_type=\"image.default\">\n\t\t\t\t<div class=\"elementor-widget-container\">\n\t\t\t\t\t\t\t\t\t\t\t\t\t\t\t<img loading=\"lazy\" decoding=\"async\" width=\"400\" height=\"267\" src=\"https:\/\/vercors-permis.fr\/wp-content\/uploads\/2025\/08\/post-permis.jpg\" class=\"attachment-large size-large wp-image-360\" alt=\"\" srcset=\"https:\/\/vercors-permis.fr\/wp-content\/uploads\/2025\/08\/post-permis.jpg 400w, https:\/\/vercors-permis.fr\/wp-content\/uploads\/2025\/08\/post-permis-300x200.jpg 300w\" sizes=\"(max-width: 400px) 100vw, 400px\" \/>\t\t\t\t\t\t\t\t\t\t\t\t\t\t\t<\/div>\n\t\t\t\t<\/div>\n\t\t\t\t<div class=\"elementor-element elementor-element-e926470 elementor-widget elementor-widget-text-editor\" data-id=\"e926470\" data-element_type=\"widget\" data-e-type=\"widget\" data-widget_type=\"text-editor.default\">\n\t\t\t\t<div class=\"elementor-widget-container\">\n\t\t\t\t\t\t\t\t\t<div class=\"elementor-element elementor-element-87e68a3 elementor-widget elementor-widget-text-editor\" data-id=\"87e68a3\" data-element_type=\"widget\" data-widget_type=\"text-editor.default\"><div class=\"elementor-widget-container\"><div class=\"elementor-element elementor-element-908d9ea elementor-widget elementor-widget-text-editor\" data-id=\"908d9ea\" data-element_type=\"widget\" data-widget_type=\"text-editor.default\"><div class=\"elementor-widget-container\"><div class=\"elementor-element elementor-element-e68d4bc elementor-widget elementor-widget-text-editor\" data-id=\"e68d4bc\" data-element_type=\"widget\" data-widget_type=\"text-editor.default\"><div class=\"elementor-widget-container\"><p><strong>R\u00e9duisez votre p\u00e9riode probatoire et engagez-vous pour une conduite plus responsable<\/strong><\/p><ul><li>R\u00e9duction p\u00e9riode probatoire<\/li><li>Analyse de situations de conduite<\/li><li>Pr\u00e9vention des risques<\/li><li>Avantages en assurance<\/li><\/ul><\/div><\/div><\/div><\/div><\/div><\/div>\t\t\t\t\t\t\t\t<\/div>\n\t\t\t\t<\/div>\n\t\t\t\t<div class=\"elementor-element elementor-element-7a1337d elementor-widget elementor-widget-text-editor\" data-id=\"7a1337d\" data-element_type=\"widget\" data-e-type=\"widget\" data-widget_type=\"text-editor.default\">\n\t\t\t\t<div class=\"elementor-widget-container\">\n\t\t\t\t\t\t\t\t\t<div class=\"elementor-element elementor-element-882bca3 elementor-widget elementor-widget-text-editor\" data-id=\"882bca3\" data-element_type=\"widget\" data-widget_type=\"text-editor.default\"><div class=\"elementor-widget-container\"><div class=\"elementor-element elementor-element-8a8a446 elementor-widget elementor-widget-text-editor\" data-id=\"8a8a446\" data-element_type=\"widget\" data-widget_type=\"text-editor.default\"><div class=\"elementor-widget-container\"><div class=\"elementor-element elementor-element-e0c7f96 elementor-widget elementor-widget-text-editor\" data-id=\"e0c7f96\" data-element_type=\"widget\" data-widget_type=\"text-editor.default\"><div class=\"elementor-widget-container\"><p><strong>T\u00e9l\u00e9chargements :<\/strong><\/p><ul><li><a href=\"https:\/\/vercors-permis.fr\/wp-content\/uploads\/2025\/11\/Formation-post-permis-conducteurs-novices.pdf\" target=\"_blank\" rel=\"noopener\">Formation post permis conducteurs novices<\/a><\/li><li><a href=\"https:\/\/vercors-permis.fr\/wp-content\/uploads\/2025\/08\/Reglement-interieur-Vercors-Permis.pdf\" target=\"_blank\" rel=\"noopener\">R\u00e8glement int\u00e9rieur Vercors Permis<\/a><\/li><li><a href=\"https:\/\/vercors-permis.fr\/wp-content\/uploads\/2026\/02\/Tarifs-des-prestations-et-programme-Formation-Post-Permis.pdf\" target=\"_blank\" rel=\"noopener\">Tarif des prestations et programme \u2013 Formation Post Permis<\/a><\/li><\/ul><\/div><\/div><\/div><\/div><\/div><\/div>\t\t\t\t\t\t\t\t<\/div>\n\t\t\t\t<\/div>\n\t\t\t\t<\/div>\n\t\t<div class=\"elementor-element elementor-element-d76545d e-con-full e-flex e-con e-child\" data-id=\"d76545d\" data-element_type=\"container\" data-e-type=\"container\">\n\t\t\t\t<div class=\"elementor-element elementor-element-97aeb40 elementor-widget elementor-widget-heading\" data-id=\"97aeb40\" data-element_type=\"widget\" data-e-type=\"widget\" data-widget_type=\"heading.default\">\n\t\t\t\t<div class=\"elementor-widget-container\">\n\t\t\t\t\t<h5 class=\"elementor-heading-title elementor-size-default\">Formation au Code de la Route<\/h5>\t\t\t\t<\/div>\n\t\t\t\t<\/div>\n\t\t\t\t<div class=\"elementor-element elementor-element-bbf8425 elementor-widget elementor-widget-image\" data-id=\"bbf8425\" data-element_type=\"widget\" data-e-type=\"widget\" data-widget_type=\"image.default\">\n\t\t\t\t<div class=\"elementor-widget-container\">\n\t\t\t\t\t\t\t\t\t\t\t\t\t\t\t<img loading=\"lazy\" decoding=\"async\" width=\"560\" height=\"369\" src=\"https:\/\/vercors-permis.fr\/wp-content\/uploads\/2025\/08\/formation-code.jpg\" class=\"attachment-large size-large wp-image-362\" alt=\"\" srcset=\"https:\/\/vercors-permis.fr\/wp-content\/uploads\/2025\/08\/formation-code.jpg 560w, https:\/\/vercors-permis.fr\/wp-content\/uploads\/2025\/08\/formation-code-300x198.jpg 300w\" sizes=\"(max-width: 560px) 100vw, 560px\" \/>\t\t\t\t\t\t\t\t\t\t\t\t\t\t\t<\/div>\n\t\t\t\t<\/div>\n\t\t\t\t<div class=\"elementor-element elementor-element-2737b3f elementor-widget elementor-widget-text-editor\" data-id=\"2737b3f\" data-element_type=\"widget\" data-e-type=\"widget\" data-widget_type=\"text-editor.default\">\n\t\t\t\t<div class=\"elementor-widget-container\">\n\t\t\t\t\t\t\t\t\t<div class=\"elementor-element elementor-element-87e68a3 elementor-widget elementor-widget-text-editor\" data-id=\"87e68a3\" data-element_type=\"widget\" data-widget_type=\"text-editor.default\"><div class=\"elementor-widget-container\"><div class=\"elementor-element elementor-element-908d9ea elementor-widget elementor-widget-text-editor\" data-id=\"908d9ea\" data-element_type=\"widget\" data-widget_type=\"text-editor.default\"><div class=\"elementor-widget-container\"><div class=\"elementor-element elementor-element-e68d4bc elementor-widget elementor-widget-text-editor\" data-id=\"e68d4bc\" data-element_type=\"widget\" data-widget_type=\"text-editor.default\"><div class=\"elementor-widget-container\"><div class=\"elementor-element elementor-element-9dda725 elementor-widget elementor-widget-text-editor\" data-id=\"9dda725\" data-element_type=\"widget\" data-widget_type=\"text-editor.default\"><div class=\"elementor-widget-container\"><p><strong>Seule\/e ou en groupe, nous vous proposons plusieurs solutions pour rendre l\u2019apprentissage du Code de la Route plus ludique et plus facile<\/strong><\/p><ul><li>Acc\u00e8s plateforme en ligne<\/li><li>Code en salle avec ou sans enseignant<\/li><li>Code en Visio avec enseignant<\/li><li>Cours th\u00e9matiques avec un enseignant, en salle, sur RDV<\/li><li>Groupe WhatsApp pour la planification des s\u00e9ances<\/li><\/ul><\/div><\/div><\/div><\/div><\/div><\/div><\/div><\/div>\t\t\t\t\t\t\t\t<\/div>\n\t\t\t\t<\/div>\n\t\t\t\t<div class=\"elementor-element elementor-element-1497d43 elementor-widget elementor-widget-text-editor\" data-id=\"1497d43\" data-element_type=\"widget\" data-e-type=\"widget\" data-widget_type=\"text-editor.default\">\n\t\t\t\t<div class=\"elementor-widget-container\">\n\t\t\t\t\t\t\t\t\t<div class=\"elementor-element elementor-element-882bca3 elementor-widget elementor-widget-text-editor\" data-id=\"882bca3\" data-element_type=\"widget\" data-widget_type=\"text-editor.default\"><div class=\"elementor-widget-container\"><div class=\"elementor-element elementor-element-8a8a446 elementor-widget elementor-widget-text-editor\" data-id=\"8a8a446\" data-element_type=\"widget\" data-widget_type=\"text-editor.default\"><div class=\"elementor-widget-container\"><div class=\"elementor-element elementor-element-e0c7f96 elementor-widget elementor-widget-text-editor\" data-id=\"e0c7f96\" data-element_type=\"widget\" data-widget_type=\"text-editor.default\"><div class=\"elementor-widget-container\"><div class=\"elementor-element elementor-element-0a34253 elementor-widget elementor-widget-text-editor\" data-id=\"0a34253\" data-element_type=\"widget\" data-widget_type=\"text-editor.default\"><div class=\"elementor-widget-container\"><p><strong>T\u00e9l\u00e9chargements :<\/strong><\/p><ul><li><a href=\"https:\/\/vercors-permis.fr\/wp-content\/uploads\/2025\/10\/PROGRAMME-DE-FORMATION-THEORIQUE-Permis-B.pdf\" target=\"_blank\" rel=\"noopener\">Programme de formation th\u00e9orique<\/a><\/li><li><a href=\"https:\/\/vercors-permis.fr\/wp-content\/uploads\/2025\/08\/Reglement-interieur-Vercors-Permis.pdf\" target=\"_blank\" rel=\"noopener\">R\u00e8glement int\u00e9rieur Vercors Permis<\/a><\/li><li><a href=\"https:\/\/vercors-permis.fr\/wp-content\/uploads\/2026\/02\/Tarifs-des-prestations-Detail.pdf\" target=\"_blank\" rel=\"noopener\">Tarif des prestations \u2013 D\u00e9tail<\/a><\/li><\/ul><\/div><\/div><\/div><\/div><\/div><\/div><\/div><\/div>\t\t\t\t\t\t\t\t<\/div>\n\t\t\t\t<\/div>\n\t\t\t\t<\/div>\n\t\t<div class=\"elementor-element elementor-element-890572b e-con-full e-flex e-con e-child\" data-id=\"890572b\" data-element_type=\"container\" data-e-type=\"container\">\n\t\t\t\t<div class=\"elementor-element elementor-element-007008c elementor-widget elementor-widget-heading\" data-id=\"007008c\" data-element_type=\"widget\" data-e-type=\"widget\" data-widget_type=\"heading.default\">\n\t\t\t\t<div class=\"elementor-widget-container\">\n\t\t\t\t\t<h5 class=\"elementor-heading-title elementor-size-default\">Handicap<\/h5>\t\t\t\t<\/div>\n\t\t\t\t<\/div>\n\t\t\t\t<div class=\"elementor-element elementor-element-1d9c233 elementor-widget elementor-widget-image\" data-id=\"1d9c233\" data-element_type=\"widget\" data-e-type=\"widget\" data-widget_type=\"image.default\">\n\t\t\t\t<div class=\"elementor-widget-container\">\n\t\t\t\t\t\t\t\t\t\t\t\t\t\t\t<img loading=\"lazy\" decoding=\"async\" width=\"499\" height=\"318\" src=\"https:\/\/vercors-permis.fr\/wp-content\/uploads\/2025\/08\/handicap.jpg\" class=\"attachment-large size-large wp-image-402\" alt=\"\" srcset=\"https:\/\/vercors-permis.fr\/wp-content\/uploads\/2025\/08\/handicap.jpg 499w, https:\/\/vercors-permis.fr\/wp-content\/uploads\/2025\/08\/handicap-300x191.jpg 300w\" sizes=\"(max-width: 499px) 100vw, 499px\" \/>\t\t\t\t\t\t\t\t\t\t\t\t\t\t\t<\/div>\n\t\t\t\t<\/div>\n\t\t\t\t<div class=\"elementor-element elementor-element-80910c9 elementor-widget elementor-widget-text-editor\" data-id=\"80910c9\" data-element_type=\"widget\" data-e-type=\"widget\" data-widget_type=\"text-editor.default\">\n\t\t\t\t<div class=\"elementor-widget-container\">\n\t\t\t\t\t\t\t\t\t<div class=\"elementor-element elementor-element-87e68a3 elementor-widget elementor-widget-text-editor\" data-id=\"87e68a3\" data-element_type=\"widget\" data-widget_type=\"text-editor.default\"><div class=\"elementor-widget-container\"><div class=\"elementor-element elementor-element-908d9ea elementor-widget elementor-widget-text-editor\" data-id=\"908d9ea\" data-element_type=\"widget\" data-widget_type=\"text-editor.default\"><div class=\"elementor-widget-container\"><div class=\"elementor-element elementor-element-e68d4bc elementor-widget elementor-widget-text-editor\" data-id=\"e68d4bc\" data-element_type=\"widget\" data-widget_type=\"text-editor.default\"><div class=\"elementor-widget-container\"><div class=\"elementor-element elementor-element-9dda725 elementor-widget elementor-widget-text-editor\" data-id=\"9dda725\" data-element_type=\"widget\" data-widget_type=\"text-editor.default\"><div class=\"elementor-widget-container\"><div class=\"elementor-element elementor-element-a3e4417 elementor-widget elementor-widget-text-editor\" data-id=\"a3e4417\" data-element_type=\"widget\" data-widget_type=\"text-editor.default\"><div class=\"elementor-widget-container\"><p><strong>Parce que l\u2019acc\u00e8s \u00e0 la mobilit\u00e9 est un droit pour tous les usagers, nous nous devons d\u2019informer sur les moyens qui sont offerts et sur les modalit\u00e9s de mise en \u0153uvre<\/strong><\/p><ul><li>Adaptation des formations selon les besoins<\/li><li>R\u00e9orientation vers des organismes reconnus<\/li><\/ul><\/div><\/div><\/div><\/div><\/div><\/div><\/div><\/div><\/div><\/div>\t\t\t\t\t\t\t\t<\/div>\n\t\t\t\t<\/div>\n\t\t\t\t<div class=\"elementor-element elementor-element-c6ba72a elementor-widget elementor-widget-text-editor\" data-id=\"c6ba72a\" data-element_type=\"widget\" data-e-type=\"widget\" data-widget_type=\"text-editor.default\">\n\t\t\t\t<div class=\"elementor-widget-container\">\n\t\t\t\t\t\t\t\t\t<div class=\"elementor-element elementor-element-882bca3 elementor-widget elementor-widget-text-editor\" data-id=\"882bca3\" data-element_type=\"widget\" data-widget_type=\"text-editor.default\"><div class=\"elementor-widget-container\"><div class=\"elementor-element elementor-element-8a8a446 elementor-widget elementor-widget-text-editor\" data-id=\"8a8a446\" data-element_type=\"widget\" data-widget_type=\"text-editor.default\"><div class=\"elementor-widget-container\"><div class=\"elementor-element elementor-element-e0c7f96 elementor-widget elementor-widget-text-editor\" data-id=\"e0c7f96\" data-element_type=\"widget\" data-widget_type=\"text-editor.default\"><div class=\"elementor-widget-container\"><div class=\"elementor-element elementor-element-0a34253 elementor-widget elementor-widget-text-editor\" data-id=\"0a34253\" data-element_type=\"widget\" data-widget_type=\"text-editor.default\"><div class=\"elementor-widget-container\"><div class=\"elementor-element elementor-element-2008341 elementor-widget elementor-widget-text-editor\" data-id=\"2008341\" data-element_type=\"widget\" data-widget_type=\"text-editor.default\"><div class=\"elementor-widget-container\"><p><strong>T\u00e9l\u00e9chargements :<\/strong><\/p><ul><li><a href=\"https:\/\/vercors-permis.fr\/wp-content\/uploads\/2025\/11\/Modalites-de-la-prise-en-compte-du-handicap.pdf\" target=\"_blank\" rel=\"noopener\">Modalit\u00e9s de la prise en compte du handicap<\/a><\/li><\/ul><\/div><\/div><\/div><\/div><\/div><\/div><\/div><\/div><\/div><\/div>\t\t\t\t\t\t\t\t<\/div>\n\t\t\t\t<\/div>\n\t\t\t\t<\/div>\n\t\t\t\t\t<\/div>\n\t\t\t\t<\/div>\n\t\t<div class=\"elementor-element elementor-element-8c343b7 e-flex e-con-boxed e-con e-parent\" data-id=\"8c343b7\" data-element_type=\"container\" data-e-type=\"container\">\n\t\t\t\t\t<div class=\"e-con-inner\">\n\t\t\t\t<div class=\"elementor-element elementor-element-fff1be8 elementor-widget elementor-widget-menu-anchor\" data-id=\"fff1be8\" data-element_type=\"widget\" data-e-type=\"widget\" data-widget_type=\"menu-anchor.default\">\n\t\t\t\t<div class=\"elementor-widget-container\">\n\t\t\t\t\t\t\t<div class=\"elementor-menu-anchor\" id=\"apropos\"><\/div>\n\t\t\t\t\t\t<\/div>\n\t\t\t\t<\/div>\n\t\t\t\t\t<\/div>\n\t\t\t\t<\/div>\n\t\t<div class=\"elementor-element elementor-element-b4bbb7d e-grid e-con-boxed e-con e-parent\" data-id=\"b4bbb7d\" data-element_type=\"container\" data-e-type=\"container\" data-settings=\"{&quot;background_background&quot;:&quot;classic&quot;}\">\n\t\t\t\t\t<div class=\"e-con-inner\">\n\t\t\t\t<div class=\"elementor-element elementor-element-6b8b059 elementor-widget elementor-widget-image\" data-id=\"6b8b059\" data-element_type=\"widget\" data-e-type=\"widget\" data-widget_type=\"image.default\">\n\t\t\t\t<div class=\"elementor-widget-container\">\n\t\t\t\t\t\t\t\t\t\t\t\t\t\t\t<img loading=\"lazy\" decoding=\"async\" width=\"605\" height=\"820\" src=\"https:\/\/vercors-permis.fr\/wp-content\/uploads\/2025\/08\/sabine.png\" class=\"attachment-large size-large wp-image-406\" alt=\"\" srcset=\"https:\/\/vercors-permis.fr\/wp-content\/uploads\/2025\/08\/sabine.png 605w, https:\/\/vercors-permis.fr\/wp-content\/uploads\/2025\/08\/sabine-221x300.png 221w\" sizes=\"(max-width: 605px) 100vw, 605px\" \/>\t\t\t\t\t\t\t\t\t\t\t\t\t\t\t<\/div>\n\t\t\t\t<\/div>\n\t\t\t\t<div class=\"elementor-element elementor-element-fd3fbaa elementor-widget elementor-widget-text-editor\" data-id=\"fd3fbaa\" data-element_type=\"widget\" data-e-type=\"widget\" data-widget_type=\"text-editor.default\">\n\t\t\t\t<div class=\"elementor-widget-container\">\n\t\t\t\t\t\t\t\t\t<h4>Notre auto-\u00e9cole<\/h4><p>Je m&rsquo;appelle Sabine DOUCHET, et je mets mon exp\u00e9rience et mon engagement au service de celles et ceux que j\u2019accompagne.<\/p><p>Bienveillante, patiente, calme et toujours \u00e0 l\u2019\u00e9coute, je sais m\u2019adapter aux besoins de chacun pour offrir un accompagnement personnalis\u00e9, dans un climat de confiance et de respect.Mon objectif est simple : vous aider \u00e0 progresser \u00e0 votre rythme en toute s\u00e9curit\u00e9, avec s\u00e9r\u00e9nit\u00e9 et efficacit\u00e9.<\/p><p>Au plaisir de vous rencontrer et de vous accompagner dans votre parcours !<\/p><table><tbody><tr><td width=\"100\"><img loading=\"lazy\" decoding=\"async\" class=\"alignnone size-full wp-image-142\" src=\"https:\/\/vercors-permis.fr\/wp-content\/uploads\/2025\/06\/ecusson_yellow.jpg\" alt=\"\" width=\"40\" height=\"39\" \/><\/td><td><h6>S\u00e9curit\u00e9 avant tout<\/h6><p>Nous mettons l&rsquo;accent sur une conduite s\u00e9curitaire et responsable pour tous nos \u00e9l\u00e8ves.<\/p><\/td><\/tr><tr><td><img loading=\"lazy\" decoding=\"async\" class=\"alignnone size-full wp-image-144\" src=\"https:\/\/vercors-permis.fr\/wp-content\/uploads\/2025\/06\/reglages.jpg\" alt=\"\" width=\"40\" height=\"41\" \/><\/td><td><h6>M\u00e9thodes p\u00e9dagogiques modernes<\/h6><p>Nos cours th\u00e9oriques et pratiques utilisent les derni\u00e8res m\u00e9thodes d&rsquo;apprentissage (simulateur de conduite qui permet d&rsquo;apprendre les bases pour une bonne pratique sans stress).<\/p><\/td><\/tr><tr><td><img loading=\"lazy\" decoding=\"async\" class=\"alignnone size-full wp-image-143\" src=\"https:\/\/vercors-permis.fr\/wp-content\/uploads\/2025\/06\/people.jpg\" alt=\"\" width=\"36\" height=\"38\" \/><\/td><td><h6>Suivi personnalis\u00e9<\/h6><p>Chaque \u00e9l\u00e8ve b\u00e9n\u00e9ficie d&rsquo;un suivi adapt\u00e9 \u00e0 son rythme d&rsquo;apprentissage et ses besoins.<\/p><\/td><\/tr><\/tbody><\/table>\t\t\t\t\t\t\t\t<\/div>\n\t\t\t\t<\/div>\n\t\t\t\t<div class=\"elementor-element elementor-element-d90ad78 elementor-widget elementor-widget-text-editor\" data-id=\"d90ad78\" data-element_type=\"widget\" data-e-type=\"widget\" data-widget_type=\"text-editor.default\">\n\t\t\t\t<div class=\"elementor-widget-container\">\n\t\t\t\t\t\t\t\t\t<p>\u00a0\u00a0<\/p>\t\t\t\t\t\t\t\t<\/div>\n\t\t\t\t<\/div>\n\t\t\t\t<div class=\"elementor-element elementor-element-e0d8513 elementor-widget elementor-widget-button\" data-id=\"e0d8513\" data-element_type=\"widget\" data-e-type=\"widget\" data-widget_type=\"button.default\">\n\t\t\t\t<div class=\"elementor-widget-container\">\n\t\t\t\t\t\t\t\t\t<div class=\"elementor-button-wrapper\">\n\t\t\t\t\t<a class=\"elementor-button elementor-button-link elementor-size-sm\" href=\"#contact\">\n\t\t\t\t\t\t<span class=\"elementor-button-content-wrapper\">\n\t\t\t\t\t\t\t\t\t<span class=\"elementor-button-text\">Nous rencontrer<\/span>\n\t\t\t\t\t<\/span>\n\t\t\t\t\t<\/a>\n\t\t\t\t<\/div>\n\t\t\t\t\t\t\t\t<\/div>\n\t\t\t\t<\/div>\n\t\t\t\t\t<\/div>\n\t\t\t\t<\/div>\n\t\t<div class=\"elementor-element elementor-element-fdd251e e-flex e-con-boxed e-con e-parent\" data-id=\"fdd251e\" data-element_type=\"container\" data-e-type=\"container\" data-settings=\"{&quot;background_background&quot;:&quot;gradient&quot;}\">\n\t\t\t\t\t<div class=\"e-con-inner\">\n\t\t\t\t<div class=\"elementor-element elementor-element-7124942 elementor-widget elementor-widget-menu-anchor\" data-id=\"7124942\" data-element_type=\"widget\" data-e-type=\"widget\" data-widget_type=\"menu-anchor.default\">\n\t\t\t\t<div class=\"elementor-widget-container\">\n\t\t\t\t\t\t\t<div class=\"elementor-menu-anchor\" id=\"temoignages\"><\/div>\n\t\t\t\t\t\t<\/div>\n\t\t\t\t<\/div>\n\t\t<div class=\"elementor-element elementor-element-9bc7074 e-con-full e-flex e-con e-child\" data-id=\"9bc7074\" data-element_type=\"container\" data-e-type=\"container\">\n\t\t\t\t<div class=\"elementor-element elementor-element-134c9a7 elementor-widget elementor-widget-heading\" data-id=\"134c9a7\" data-element_type=\"widget\" data-e-type=\"widget\" data-widget_type=\"heading.default\">\n\t\t\t\t<div class=\"elementor-widget-container\">\n\t\t\t\t\t<h2 class=\"elementor-heading-title elementor-size-default\">Ce que disent nos \u00e9l\u00e8ves<\/h2>\t\t\t\t<\/div>\n\t\t\t\t<\/div>\n\t\t\t\t<div class=\"elementor-element elementor-element-5ec7785 elementor-widget elementor-widget-text-editor\" data-id=\"5ec7785\" data-element_type=\"widget\" data-e-type=\"widget\" data-widget_type=\"text-editor.default\">\n\t\t\t\t<div class=\"elementor-widget-container\">\n\t\t\t\t\t\t\t\t\t<p>D\u00e9couvrez les t\u00e9moignages de nos \u00e9l\u00e8ves qui ont obtenu leur permis avec succ\u00e8s<\/p>\t\t\t\t\t\t\t\t<\/div>\n\t\t\t\t<\/div>\n\t\t\t\t<div class=\"elementor-element elementor-element-f51fda2 elementor-widget elementor-widget-html\" data-id=\"f51fda2\" data-element_type=\"widget\" data-e-type=\"widget\" data-widget_type=\"html.default\">\n\t\t\t\t<div class=\"elementor-widget-container\">\n\t\t\t\t\t<iframe sandbox='allow-scripts allow-forms allow-same-origin allow-popups' src='https:\/\/www.vroomvroom.fr\/ratings\/widget?school_id=5d0bd9097e362600046e57cd&last=15&style=carousel-cub' width='944px' height='300px' id='iniframe' style='border-style: none; overflow: scroll' allowfullscreen><\/iframe>\t\t\t\t<\/div>\n\t\t\t\t<\/div>\n\t\t\t\t<\/div>\n\t\t\t\t\t<\/div>\n\t\t\t\t<\/div>\n\t\t<div class=\"elementor-element elementor-element-8ffec11 e-flex e-con-boxed e-con e-parent\" data-id=\"8ffec11\" data-element_type=\"container\" data-e-type=\"container\">\n\t\t\t\t\t<div class=\"e-con-inner\">\n\t\t\t\t<div class=\"elementor-element elementor-element-220fa8d elementor-widget elementor-widget-menu-anchor\" data-id=\"220fa8d\" data-element_type=\"widget\" data-e-type=\"widget\" data-widget_type=\"menu-anchor.default\">\n\t\t\t\t<div class=\"elementor-widget-container\">\n\t\t\t\t\t\t\t<div class=\"elementor-menu-anchor\" id=\"auto-ecole-qualite\"><\/div>\n\t\t\t\t\t\t<\/div>\n\t\t\t\t<\/div>\n\t\t\t\t\t<\/div>\n\t\t\t\t<\/div>\n\t\t<div class=\"elementor-element elementor-element-1728c92 e-flex e-con-boxed e-con e-parent\" data-id=\"1728c92\" data-element_type=\"container\" data-e-type=\"container\">\n\t\t\t\t\t<div class=\"e-con-inner\">\n\t\t\t\t<div class=\"elementor-element elementor-element-8668ec3 elementor-widget elementor-widget-heading\" data-id=\"8668ec3\" data-element_type=\"widget\" data-e-type=\"widget\" data-widget_type=\"heading.default\">\n\t\t\t\t<div class=\"elementor-widget-container\">\n\t\t\t\t\t<h2 class=\"elementor-heading-title elementor-size-default\">Auto-\u00e9cole de qualit\u00e9<\/h2>\t\t\t\t<\/div>\n\t\t\t\t<\/div>\n\t\t\t\t\t<\/div>\n\t\t\t\t<\/div>\n\t\t<div class=\"elementor-element elementor-element-7e145dd e-flex e-con-boxed e-con e-parent\" data-id=\"7e145dd\" data-element_type=\"container\" data-e-type=\"container\">\n\t\t\t\t\t<div class=\"e-con-inner\">\n\t\t\t\t<div class=\"elementor-element elementor-element-615c54f elementor-widget elementor-widget-image\" data-id=\"615c54f\" data-element_type=\"widget\" data-e-type=\"widget\" data-widget_type=\"image.default\">\n\t\t\t\t<div class=\"elementor-widget-container\">\n\t\t\t\t\t\t\t\t\t\t\t\t\t\t\t<img loading=\"lazy\" decoding=\"async\" width=\"591\" height=\"839\" src=\"https:\/\/vercors-permis.fr\/wp-content\/uploads\/2026\/02\/auto-ecole-qualite.png\" class=\"attachment-medium_large size-medium_large wp-image-582\" alt=\"\" srcset=\"https:\/\/vercors-permis.fr\/wp-content\/uploads\/2026\/02\/auto-ecole-qualite.png 591w, https:\/\/vercors-permis.fr\/wp-content\/uploads\/2026\/02\/auto-ecole-qualite-211x300.png 211w\" sizes=\"(max-width: 591px) 100vw, 591px\" \/>\t\t\t\t\t\t\t\t\t\t\t\t\t\t\t<\/div>\n\t\t\t\t<\/div>\n\t\t\t\t\t<\/div>\n\t\t\t\t<\/div>\n\t\t<div class=\"elementor-element elementor-element-6a45c50 e-flex e-con-boxed e-con e-parent\" data-id=\"6a45c50\" data-element_type=\"container\" data-e-type=\"container\">\n\t\t\t\t\t<div class=\"e-con-inner\">\n\t\t\t\t<div class=\"elementor-element elementor-element-4b23c4b elementor-widget elementor-widget-text-editor\" data-id=\"4b23c4b\" data-element_type=\"widget\" data-e-type=\"widget\" data-widget_type=\"text-editor.default\">\n\t\t\t\t<div class=\"elementor-widget-container\">\n\t\t\t\t\t\t\t\t\t<p>Gr\u00e2ce \u00e0 tous vos retours positifs, j&rsquo;ai obtenu la reconnaissance d&rsquo;Auto-\u00e9cole de Qualit\u00e9<br \/>Je suis fi\u00e8re de faire partie de vos plus belles r\u00e9ussites et de vous compter parmi les miennes.<br \/>MERCI !<\/p>\t\t\t\t\t\t\t\t<\/div>\n\t\t\t\t<\/div>\n\t\t\t\t\t<\/div>\n\t\t\t\t<\/div>\n\t\t<div class=\"elementor-element elementor-element-7335492 e-flex e-con-boxed e-con e-parent\" data-id=\"7335492\" data-element_type=\"container\" data-e-type=\"container\">\n\t\t\t\t\t<div class=\"e-con-inner\">\n\t\t\t\t<div class=\"elementor-element elementor-element-40cc81e elementor-widget elementor-widget-image\" data-id=\"40cc81e\" data-element_type=\"widget\" data-e-type=\"widget\" data-widget_type=\"image.default\">\n\t\t\t\t<div class=\"elementor-widget-container\">\n\t\t\t\t\t\t\t\t\t\t\t\t<figure class=\"wp-caption\">\n\t\t\t\t\t\t\t\t\t\t<img loading=\"lazy\" decoding=\"async\" width=\"1024\" height=\"645\" src=\"https:\/\/vercors-permis.fr\/wp-content\/uploads\/2026\/02\/Permis-2025-1024x645.jpg\" class=\"attachment-large size-large wp-image-591\" alt=\"\" srcset=\"https:\/\/vercors-permis.fr\/wp-content\/uploads\/2026\/02\/Permis-2025-1024x645.jpg 1024w, https:\/\/vercors-permis.fr\/wp-content\/uploads\/2026\/02\/Permis-2025-300x189.jpg 300w, https:\/\/vercors-permis.fr\/wp-content\/uploads\/2026\/02\/Permis-2025-768x484.jpg 768w, https:\/\/vercors-permis.fr\/wp-content\/uploads\/2026\/02\/Permis-2025.jpg 1042w\" sizes=\"(max-width: 1024px) 100vw, 1024px\" \/>\t\t\t\t\t\t\t\t\t\t\t<figcaption class=\"widget-image-caption wp-caption-text\">F\u00e9licitations \u00e0 tous les laur\u00e9ats du Permis de Conduire en 2025<\/figcaption>\n\t\t\t\t\t\t\t\t\t\t<\/figure>\n\t\t\t\t\t\t\t\t\t<\/div>\n\t\t\t\t<\/div>\n\t\t\t\t\t<\/div>\n\t\t\t\t<\/div>\n\t\t<div class=\"elementor-element elementor-element-e7df707 e-flex e-con-boxed e-con e-parent\" data-id=\"e7df707\" data-element_type=\"container\" data-e-type=\"container\">\n\t\t\t\t\t<div class=\"e-con-inner\">\n\t\t\t\t<div class=\"elementor-element elementor-element-f60c3fb elementor-widget elementor-widget-menu-anchor\" data-id=\"f60c3fb\" data-element_type=\"widget\" data-e-type=\"widget\" data-widget_type=\"menu-anchor.default\">\n\t\t\t\t<div class=\"elementor-widget-container\">\n\t\t\t\t\t\t\t<div class=\"elementor-menu-anchor\" id=\"labellisation\"><\/div>\n\t\t\t\t\t\t<\/div>\n\t\t\t\t<\/div>\n\t\t\t\t\t<\/div>\n\t\t\t\t<\/div>\n\t\t<div class=\"elementor-element elementor-element-5bd80ba e-flex e-con-boxed e-con e-parent\" data-id=\"5bd80ba\" data-element_type=\"container\" data-e-type=\"container\">\n\t\t\t\t\t<div class=\"e-con-inner\">\n\t\t\t\t<div class=\"elementor-element elementor-element-f3d5491 elementor-widget elementor-widget-heading\" data-id=\"f3d5491\" data-element_type=\"widget\" data-e-type=\"widget\" data-widget_type=\"heading.default\">\n\t\t\t\t<div class=\"elementor-widget-container\">\n\t\t\t\t\t<h2 class=\"elementor-heading-title elementor-size-default\">Auto-\u00e9cole labellis\u00e9e<\/h2>\t\t\t\t<\/div>\n\t\t\t\t<\/div>\n\t\t\t\t\t<\/div>\n\t\t\t\t<\/div>\n\t\t<div class=\"elementor-element elementor-element-f256d91 e-flex e-con-boxed e-con e-parent\" data-id=\"f256d91\" data-element_type=\"container\" data-e-type=\"container\">\n\t\t\t\t\t<div class=\"e-con-inner\">\n\t\t\t\t<div class=\"elementor-element elementor-element-a4d3ec7 elementor-widget elementor-widget-image\" data-id=\"a4d3ec7\" data-element_type=\"widget\" data-e-type=\"widget\" data-widget_type=\"image.default\">\n\t\t\t\t<div class=\"elementor-widget-container\">\n\t\t\t\t\t\t\t\t\t\t\t\t\t\t\t<img loading=\"lazy\" decoding=\"async\" width=\"768\" height=\"733\" src=\"https:\/\/vercors-permis.fr\/wp-content\/uploads\/2026\/02\/ecole-conduite-qualite.jpg\" class=\"attachment-medium_large size-medium_large wp-image-572\" alt=\"\" srcset=\"https:\/\/vercors-permis.fr\/wp-content\/uploads\/2026\/02\/ecole-conduite-qualite.jpg 768w, https:\/\/vercors-permis.fr\/wp-content\/uploads\/2026\/02\/ecole-conduite-qualite-300x286.jpg 300w\" sizes=\"(max-width: 768px) 100vw, 768px\" \/>\t\t\t\t\t\t\t\t\t\t\t\t\t\t\t<\/div>\n\t\t\t\t<\/div>\n\t\t\t\t\t<\/div>\n\t\t\t\t<\/div>\n\t\t<div class=\"elementor-element elementor-element-fe18081 e-flex e-con-boxed e-con e-parent\" data-id=\"fe18081\" data-element_type=\"container\" data-e-type=\"container\">\n\t\t\t\t\t<div class=\"e-con-inner\">\n\t\t\t\t<div class=\"elementor-element elementor-element-73118db elementor-widget elementor-widget-text-editor\" data-id=\"73118db\" data-element_type=\"widget\" data-e-type=\"widget\" data-widget_type=\"text-editor.default\">\n\t\t\t\t<div class=\"elementor-widget-container\">\n\t\t\t\t\t\t\t\t\t<ul><li>Passerelle Permis B78 \u00e0 B, formation de 7 heures<\/li><li>Permis \u00e0 1\u20ac par jour<\/li><li>Formation post permis des conducteurs novices<\/li><li>Offres et tarifs transparents<\/li><li>Accompagnement personnalis\u00e9<\/li><li>Auto-\u00e9cole \u00e9valu\u00e9e par ses \u00e9l\u00e8ves<\/li><li>Garantie financi\u00e8re<\/li><li>Permis B96 (\u00e0 venir, 2028)<\/li><\/ul>\t\t\t\t\t\t\t\t<\/div>\n\t\t\t\t<\/div>\n\t\t\t\t\t<\/div>\n\t\t\t\t<\/div>\n\t\t<div class=\"elementor-element elementor-element-6bed80a e-flex e-con-boxed e-con e-parent\" data-id=\"6bed80a\" data-element_type=\"container\" data-e-type=\"container\">\n\t\t\t\t\t<div class=\"e-con-inner\">\n\t\t\t\t<div class=\"elementor-element elementor-element-b23f886 elementor-widget elementor-widget-text-editor\" data-id=\"b23f886\" data-element_type=\"widget\" data-e-type=\"widget\" data-widget_type=\"text-editor.default\">\n\t\t\t\t<div class=\"elementor-widget-container\">\n\t\t\t\t\t\t\t\t\t<p><strong>Documents \u00e0 t\u00e9l\u00e9charger :<\/strong><\/p><ul><li><a href=\"https:\/\/vercors-permis.fr\/wp-content\/uploads\/2026\/02\/Tarifs-des-prestations-Formation-Passerelle-B78-a-B.pdf\" target=\"_blank\" rel=\"noopener\">Tarifs des prestations &#8211; Formation Passerelle B78 \u00e0 B<\/a><\/li><li><a href=\"https:\/\/vercors-permis.fr\/wp-content\/uploads\/2025\/08\/Permis-a-1E-par-jour-Explications.pdf\" target=\"_blank\" rel=\"noopener\">Permis \u00e0 1\u20ac par jour &#8211; Explications<\/a><\/li><li><a href=\"https:\/\/vercors-permis.fr\/wp-content\/uploads\/2025\/11\/Formation-post-permis-conducteurs-novices.pdf\" target=\"_blank\" rel=\"noopener\">Formation post permis conducteurs novices<\/a><\/li><li><a href=\"https:\/\/vercors-permis.fr\/wp-content\/uploads\/2025\/08\/Reglement-interieur-Vercors-Permis.pdf\" target=\"_blank\" rel=\"noopener\">R\u00e8glement int\u00e9rieur Vercors Permis<\/a><\/li><li><a href=\"https:\/\/vercors-permis.fr\/wp-content\/uploads\/2026\/02\/Tarifs-des-prestations-et-programme-Formation-Post-Permis.pdf\" target=\"_blank\" rel=\"noopener\">Tarif des prestations et programme \u2013 Formation Post Permis<\/a><\/li><\/ul>\t\t\t\t\t\t\t\t<\/div>\n\t\t\t\t<\/div>\n\t\t\t\t\t<\/div>\n\t\t\t\t<\/div>\n\t\t<div class=\"elementor-element elementor-element-29c2f69 e-flex e-con-boxed e-con e-parent\" data-id=\"29c2f69\" data-element_type=\"container\" data-e-type=\"container\">\n\t\t\t\t\t<div class=\"e-con-inner\">\n\t\t\t\t<div class=\"elementor-element elementor-element-ff8ce56 elementor-widget elementor-widget-menu-anchor\" data-id=\"ff8ce56\" data-element_type=\"widget\" data-e-type=\"widget\" data-widget_type=\"menu-anchor.default\">\n\t\t\t\t<div class=\"elementor-widget-container\">\n\t\t\t\t\t\t\t<div class=\"elementor-menu-anchor\" id=\"qualiopi\"><\/div>\n\t\t\t\t\t\t<\/div>\n\t\t\t\t<\/div>\n\t\t\t\t\t<\/div>\n\t\t\t\t<\/div>\n\t\t<div class=\"elementor-element elementor-element-969cef3 e-flex e-con-boxed e-con e-parent\" data-id=\"969cef3\" data-element_type=\"container\" data-e-type=\"container\">\n\t\t\t\t\t<div class=\"e-con-inner\">\n\t\t\t\t<div class=\"elementor-element elementor-element-72f89ba elementor-widget elementor-widget-heading\" data-id=\"72f89ba\" data-element_type=\"widget\" data-e-type=\"widget\" data-widget_type=\"heading.default\">\n\t\t\t\t<div class=\"elementor-widget-container\">\n\t\t\t\t\t<h2 class=\"elementor-heading-title elementor-size-default\">Certification Qualiopi (\u00e0 venir tr\u00e8s prochainement)<\/h2>\t\t\t\t<\/div>\n\t\t\t\t<\/div>\n\t\t\t\t\t<\/div>\n\t\t\t\t<\/div>\n\t\t<div class=\"elementor-element elementor-element-a52e9e3 e-flex e-con-boxed e-con e-parent\" data-id=\"a52e9e3\" data-element_type=\"container\" data-e-type=\"container\">\n\t\t\t\t\t<div class=\"e-con-inner\">\n\t\t\t\t<div class=\"elementor-element elementor-element-ce4ea10 elementor-widget elementor-widget-image\" data-id=\"ce4ea10\" data-element_type=\"widget\" data-e-type=\"widget\" data-widget_type=\"image.default\">\n\t\t\t\t<div class=\"elementor-widget-container\">\n\t\t\t\t\t\t\t\t\t\t\t\t\t\t\t<img loading=\"lazy\" decoding=\"async\" width=\"633\" height=\"338\" src=\"https:\/\/vercors-permis.fr\/wp-content\/uploads\/2026\/02\/qualiopi.jpg\" class=\"attachment-large size-large wp-image-586\" alt=\"\" srcset=\"https:\/\/vercors-permis.fr\/wp-content\/uploads\/2026\/02\/qualiopi.jpg 633w, https:\/\/vercors-permis.fr\/wp-content\/uploads\/2026\/02\/qualiopi-300x160.jpg 300w\" sizes=\"(max-width: 633px) 100vw, 633px\" \/>\t\t\t\t\t\t\t\t\t\t\t\t\t\t\t<\/div>\n\t\t\t\t<\/div>\n\t\t\t\t\t<\/div>\n\t\t\t\t<\/div>\n\t\t<div class=\"elementor-element elementor-element-4b3f830 e-flex e-con-boxed e-con e-parent\" data-id=\"4b3f830\" data-element_type=\"container\" data-e-type=\"container\">\n\t\t\t\t\t<div class=\"e-con-inner\">\n\t\t\t\t<div class=\"elementor-element elementor-element-67c6ac7 elementor-widget elementor-widget-text-editor\" data-id=\"67c6ac7\" data-element_type=\"widget\" data-e-type=\"widget\" data-widget_type=\"text-editor.default\">\n\t\t\t\t<div class=\"elementor-widget-container\">\n\t\t\t\t\t\t\t\t\t<p>Quand le permis est n\u00e9cessaire \u00e0 votre situation professionnelle (emploi, insertion, reconversion, \u00e9volution, &#8230;)<\/p><p><strong>Documents \u00e0 t\u00e9l\u00e9charger :<\/strong><\/p><ul><li><a href=\"https:\/\/vercors-permis.fr\/wp-content\/uploads\/2026\/02\/CPF-Fiche-positionnement-initial-du-candidat.pdf\" target=\"_blank\" rel=\"noopener\">CPF &#8211; Fiche positionnement initial du candidat<\/a><\/li><li><a href=\"https:\/\/vercors-permis.fr\/wp-content\/uploads\/2025\/11\/ENJEUX-DE-LA-FORMATION-PREPARATOIRE-A-LEXAMEN-DU-PERMIS-DE-CONDUIRE.pdf\" target=\"_blank\" rel=\"noopener\">Enjeux de la formation pr\u00e9paratoire \u00e0 l&rsquo;examen du permis de conduire<\/a><\/li><li><a href=\"https:\/\/vercors-permis.fr\/wp-content\/uploads\/2025\/08\/Reglement-interieur-Vercors-Permis.pdf\" target=\"_blank\" rel=\"noopener\">R\u00e8glement int\u00e9rieur Vercors Permis<\/a><\/li><\/ul>\t\t\t\t\t\t\t\t<\/div>\n\t\t\t\t<\/div>\n\t\t\t\t\t<\/div>\n\t\t\t\t<\/div>\n\t\t<div class=\"elementor-element elementor-element-64e22ad e-flex e-con-boxed e-con e-parent\" data-id=\"64e22ad\" data-element_type=\"container\" data-e-type=\"container\">\n\t\t\t\t\t<div class=\"e-con-inner\">\n\t\t\t\t<div class=\"elementor-element elementor-element-31f0c28 elementor-widget elementor-widget-menu-anchor\" data-id=\"31f0c28\" data-element_type=\"widget\" data-e-type=\"widget\" data-widget_type=\"menu-anchor.default\">\n\t\t\t\t<div class=\"elementor-widget-container\">\n\t\t\t\t\t\t\t<div class=\"elementor-menu-anchor\" id=\"telechargements\"><\/div>\n\t\t\t\t\t\t<\/div>\n\t\t\t\t<\/div>\n\t\t\t\t\t<\/div>\n\t\t\t\t<\/div>\n\t\t<div class=\"elementor-element elementor-element-89b00b9 e-flex e-con-boxed e-con e-parent\" data-id=\"89b00b9\" data-element_type=\"container\" data-e-type=\"container\">\n\t\t\t\t\t<div class=\"e-con-inner\">\n\t\t\t\t<div class=\"elementor-element elementor-element-6fb31f9 elementor-widget elementor-widget-heading\" data-id=\"6fb31f9\" data-element_type=\"widget\" data-e-type=\"widget\" data-widget_type=\"heading.default\">\n\t\t\t\t<div class=\"elementor-widget-container\">\n\t\t\t\t\t<h2 class=\"elementor-heading-title elementor-size-default\">Autres documents \u00e0 t\u00e9l\u00e9charger<\/h2>\t\t\t\t<\/div>\n\t\t\t\t<\/div>\n\t\t\t\t\t<\/div>\n\t\t\t\t<\/div>\n\t\t<div class=\"elementor-element elementor-element-55a4b37 e-flex e-con-boxed e-con e-parent\" data-id=\"55a4b37\" data-element_type=\"container\" data-e-type=\"container\">\n\t\t\t\t\t<div class=\"e-con-inner\">\n\t\t\t\t<div class=\"elementor-element elementor-element-97d2f3a elementor-widget elementor-widget-text-editor\" data-id=\"97d2f3a\" data-element_type=\"widget\" data-e-type=\"widget\" data-widget_type=\"text-editor.default\">\n\t\t\t\t<div class=\"elementor-widget-container\">\n\t\t\t\t\t\t\t\t\t<p><strong>T\u00e9l\u00e9chargements :<\/strong><\/p><ul><li><a href=\"https:\/\/vercors-permis.fr\/wp-content\/uploads\/2025\/08\/Permis-a-1E-par-jour-Explications.pdf\" target=\"_blank\" rel=\"noopener\">Fiche positionnement initial du candidat (CPF)<\/a><\/li><li><a href=\"https:\/\/vercors-permis.fr\/wp-content\/uploads\/2025\/08\/Modalites_Organisation_Formations.pdf\" target=\"_blank\" rel=\"noopener\">Modalit\u00e9s d&rsquo;organisation des formations<\/a><\/li><li><a href=\"https:\/\/vercors-permis.fr\/wp-content\/uploads\/2025\/09\/Gestion-des-reclamations.pdf\" target=\"_blank\" rel=\"noopener\">Gestion des r\u00e9clamations<\/a><\/li><\/ul>\t\t\t\t\t\t\t\t<\/div>\n\t\t\t\t<\/div>\n\t\t\t\t\t<\/div>\n\t\t\t\t<\/div>\n\t\t<div class=\"elementor-element elementor-element-cf7159c e-flex e-con-boxed e-con e-parent\" data-id=\"cf7159c\" data-element_type=\"container\" data-e-type=\"container\">\n\t\t\t\t\t<div class=\"e-con-inner\">\n\t\t\t\t<div class=\"elementor-element elementor-element-32b3a84 elementor-widget elementor-widget-heading\" data-id=\"32b3a84\" data-element_type=\"widget\" data-e-type=\"widget\" data-widget_type=\"heading.default\">\n\t\t\t\t<div class=\"elementor-widget-container\">\n\t\t\t\t\t<h5 class=\"elementor-heading-title elementor-size-default\">Vercors Permis partenaire du Pass'R\u00e9gion<\/h5>\t\t\t\t<\/div>\n\t\t\t\t<\/div>\n\t\t\t\t\t<\/div>\n\t\t\t\t<\/div>\n\t\t<div class=\"elementor-element elementor-element-c3807cc e-flex e-con-boxed e-con e-parent\" data-id=\"c3807cc\" data-element_type=\"container\" data-e-type=\"container\">\n\t\t\t\t\t<div class=\"e-con-inner\">\n\t\t\t\t<div class=\"elementor-element elementor-element-609a30f elementor-widget elementor-widget-text-editor\" data-id=\"609a30f\" data-element_type=\"widget\" data-e-type=\"widget\" data-widget_type=\"text-editor.default\">\n\t\t\t\t<div class=\"elementor-widget-container\">\n\t\t\t\t\t\t\t\t\t<p>Aide au permis de conduire<\/p><ul><li>200\u20ac apr\u00e8s r\u00e9alisation d&rsquo;une mission d&rsquo;engagement volontaire de 35 heures<\/li><li>500\u20ac apr\u00e8s r\u00e9alisation d&rsquo;une mission d&rsquo;engagement de 80 heures<\/li><\/ul><p>Lien utile : <a href=\"https:\/\/www.auvergnerhonealpes.fr\/passregionjeunes\" target=\"_blank\" rel=\"noopener\">www.auvergnerhonealpes.fr\/passregionjeunes<\/a><\/p>\t\t\t\t\t\t\t\t<\/div>\n\t\t\t\t<\/div>\n\t\t\t\t\t<\/div>\n\t\t\t\t<\/div>\n\t\t<div class=\"elementor-element elementor-element-e33b9b6 e-flex e-con-boxed e-con e-parent\" data-id=\"e33b9b6\" data-element_type=\"container\" data-e-type=\"container\">\n\t\t\t\t\t<div class=\"e-con-inner\">\n\t\t\t\t<div class=\"elementor-element elementor-element-11132af elementor-widget elementor-widget-image\" data-id=\"11132af\" data-element_type=\"widget\" data-e-type=\"widget\" data-widget_type=\"image.default\">\n\t\t\t\t<div class=\"elementor-widget-container\">\n\t\t\t\t\t\t\t\t\t\t\t\t\t\t\t<img loading=\"lazy\" decoding=\"async\" width=\"300\" height=\"213\" src=\"https:\/\/vercors-permis.fr\/wp-content\/uploads\/2025\/08\/pass-region-300x213.jpg\" class=\"attachment-medium size-medium wp-image-417\" alt=\"\" srcset=\"https:\/\/vercors-permis.fr\/wp-content\/uploads\/2025\/08\/pass-region-300x213.jpg 300w, https:\/\/vercors-permis.fr\/wp-content\/uploads\/2025\/08\/pass-region-1024x725.jpg 1024w, https:\/\/vercors-permis.fr\/wp-content\/uploads\/2025\/08\/pass-region-768x544.jpg 768w, https:\/\/vercors-permis.fr\/wp-content\/uploads\/2025\/08\/pass-region.jpg 1440w\" sizes=\"(max-width: 300px) 100vw, 300px\" \/>\t\t\t\t\t\t\t\t\t\t\t\t\t\t\t<\/div>\n\t\t\t\t<\/div>\n\t\t\t\t\t<\/div>\n\t\t\t\t<\/div>\n\t\t<div class=\"elementor-element elementor-element-b88ee37 e-flex e-con-boxed e-con e-parent\" data-id=\"b88ee37\" data-element_type=\"container\" data-e-type=\"container\">\n\t\t\t\t\t<div class=\"e-con-inner\">\n\t\t\t\t<div class=\"elementor-element elementor-element-b6e603c elementor-widget elementor-widget-menu-anchor\" data-id=\"b6e603c\" data-element_type=\"widget\" data-e-type=\"widget\" data-widget_type=\"menu-anchor.default\">\n\t\t\t\t<div class=\"elementor-widget-container\">\n\t\t\t\t\t\t\t<div class=\"elementor-menu-anchor\" id=\"contact\"><\/div>\n\t\t\t\t\t\t<\/div>\n\t\t\t\t<\/div>\n\t\t\t\t<div class=\"elementor-element elementor-element-0b948a6 elementor-widget elementor-widget-heading\" data-id=\"0b948a6\" data-element_type=\"widget\" data-e-type=\"widget\" data-widget_type=\"heading.default\">\n\t\t\t\t<div class=\"elementor-widget-container\">\n\t\t\t\t\t<h2 class=\"elementor-heading-title elementor-size-default\">Contactez-nous<\/h2>\t\t\t\t<\/div>\n\t\t\t\t<\/div>\n\t\t\t\t<div class=\"elementor-element elementor-element-a9d9839 elementor-widget elementor-widget-text-editor\" data-id=\"a9d9839\" data-element_type=\"widget\" data-e-type=\"widget\" data-widget_type=\"text-editor.default\">\n\t\t\t\t<div class=\"elementor-widget-container\">\n\t\t\t\t\t\t\t\t\t<p>Prenez rendez-vous ou demandez plus d&rsquo;informations sur nos formations<\/p>\t\t\t\t\t\t\t\t<\/div>\n\t\t\t\t<\/div>\n\t\t<div class=\"elementor-element elementor-element-2bec4c1 e-grid e-con-full e-con e-child\" data-id=\"2bec4c1\" data-element_type=\"container\" data-e-type=\"container\">\n\t\t\t\t<div class=\"elementor-element elementor-element-906d486 elementor-widget elementor-widget-text-editor\" data-id=\"906d486\" data-element_type=\"widget\" data-e-type=\"widget\" data-widget_type=\"text-editor.default\">\n\t\t\t\t<div class=\"elementor-widget-container\">\n\t\t\t\t\t\t\t\t\t<h5>Nos coordonn\u00e9es<\/h5><table><tbody><tr><td width=\"100\"><img loading=\"lazy\" decoding=\"async\" class=\"alignnone size-full wp-image-121\" src=\"https:\/\/vercors-permis.fr\/wp-content\/uploads\/2025\/06\/pin.jpg\" alt=\"\" width=\"46\" height=\"53\" \/><\/td><td><strong>Adresse<\/strong><br \/>153, Route du M\u00e9audret<br \/>38112 AUTRANS MEAUDRE EN VERCORS<\/td><\/tr><tr><td><img loading=\"lazy\" decoding=\"async\" class=\"alignnone size-full wp-image-120\" src=\"https:\/\/vercors-permis.fr\/wp-content\/uploads\/2025\/06\/phone.jpg\" alt=\"\" width=\"50\" height=\"50\" \/><\/td><td><strong>T\u00e9l\u00e9phone<\/strong><br \/>07 69 26 98 94<\/td><\/tr><tr><td><img loading=\"lazy\" decoding=\"async\" class=\"alignnone size-full wp-image-117\" src=\"https:\/\/vercors-permis.fr\/wp-content\/uploads\/2025\/06\/email.jpg\" alt=\"\" width=\"45\" height=\"47\" \/><\/td><td><strong>Email<\/strong><br \/>vercors.permis@gmail.com<\/td><\/tr><tr><td><img loading=\"lazy\" decoding=\"async\" class=\"alignnone size-full wp-image-116\" src=\"https:\/\/vercors-permis.fr\/wp-content\/uploads\/2025\/06\/clock_blue.jpg\" alt=\"\" width=\"46\" height=\"48\" \/><\/td><td><strong>Horaires d&rsquo;ouverture<\/strong><br \/>Du mardi au vendredi<br \/>8h00 &#8211; 12h00 \/ 14h00 &#8211; 20h00<br \/>Samedi<br \/>8h00 &#8211; 12h00 \/ 14h00 &#8211; 17h00<br \/><strong>Uniquement sur rendez-vous<\/strong><\/td><\/tr><\/tbody><\/table><h5>Suivez-nous<\/h5><p><a href=\"https:\/\/www.facebook.com\/profile.php?id=61573977159349\" target=\"_blank\" rel=\"noopener\"><img loading=\"lazy\" decoding=\"async\" class=\"alignnone wp-image-118 size-full\" src=\"https:\/\/vercors-permis.fr\/wp-content\/uploads\/2025\/06\/facebook.jpg\" alt=\"\" width=\"42\" height=\"41\" \/><\/a> <\/p>\t\t\t\t\t\t\t\t<\/div>\n\t\t\t\t<\/div>\n\t\t\t\t<div class=\"elementor-element elementor-element-25f51c4 elementor-widget elementor-widget-text-editor\" data-id=\"25f51c4\" data-element_type=\"widget\" data-e-type=\"widget\" data-widget_type=\"text-editor.default\">\n\t\t\t\t<div class=\"elementor-widget-container\">\n\t\t\t\t\t\t\t\t\t<p>Envoyez-nous un message<\/p><style id=\"wpforms-css-vars-83\">\n\t\t\t\t#wpforms-83 {\n\t\t\t\t\n\t\t\t}\n\t\t\t<\/style><div class=\"wpforms-container wpforms-container-full wpforms-render-modern\" id=\"wpforms-83\"><form id=\"wpforms-form-83\" class=\"wpforms-validate wpforms-form wpforms-ajax-form\" data-formid=\"83\" method=\"post\" enctype=\"multipart\/form-data\" action=\"\/index.php?rest_route=%2Fwp%2Fv2%2Fpages%2F7\" data-token=\"30857b1daa10250bbc579e862d85c605\" data-token-time=\"1777504738\"><noscript class=\"wpforms-error-noscript\">Veuillez activer JavaScript dans votre navigateur pour remplir ce formulaire.<\/noscript><div id=\"wpforms-error-noscript\" style=\"display: none;\">Veuillez activer JavaScript dans votre navigateur pour remplir ce formulaire.<\/div><div class=\"wpforms-field-container\"><div id=\"wpforms-83-field_1-container\" class=\"wpforms-field wpforms-field-name\" data-field-id=\"1\"><fieldset><legend class=\"wpforms-field-label\">Pr\u00e9nom Nom <span class=\"wpforms-required-label\" aria-hidden=\"true\">*<\/span><\/legend><div class=\"wpforms-field-row wpforms-field-medium\"><div class=\"wpforms-field-row-block wpforms-first wpforms-one-half\"><input type=\"text\" id=\"wpforms-83-field_1\" class=\"wpforms-field-name-first wpforms-field-required\" name=\"wpforms[fields][1][first]\" aria-errormessage=\"wpforms-83-field_1-error\" required><label for=\"wpforms-83-field_1\" class=\"wpforms-field-sublabel after\">Pr\u00e9nom<\/label><\/div><div class=\"wpforms-field-row-block wpforms-one-half\"><input type=\"text\" id=\"wpforms-83-field_1-last\" class=\"wpforms-field-name-last wpforms-field-required\" name=\"wpforms[fields][1][last]\" aria-errormessage=\"wpforms-83-field_1-last-error\" required><label for=\"wpforms-83-field_1-last\" class=\"wpforms-field-sublabel after\">Nom<\/label><\/div><\/div><\/fieldset><\/div><div id=\"wpforms-83-field_2-container\" class=\"wpforms-field wpforms-field-email\" data-field-id=\"2\"><label class=\"wpforms-field-label\" for=\"wpforms-83-field_2\">Email <span class=\"wpforms-required-label\" aria-hidden=\"true\">*<\/span><\/label><input type=\"email\" id=\"wpforms-83-field_2\" class=\"wpforms-field-medium wpforms-field-required\" name=\"wpforms[fields][2]\" spellcheck=\"false\" aria-errormessage=\"wpforms-83-field_2-error\" required><\/div><div id=\"wpforms-83-field_5-container\" class=\"wpforms-field wpforms-field-text\" data-field-id=\"5\"><label class=\"wpforms-field-label\" for=\"wpforms-83-field_5\">T\u00e9l\u00e9phone <span class=\"wpforms-required-label\" aria-hidden=\"true\">*<\/span><\/label><input type=\"text\" id=\"wpforms-83-field_5\" class=\"wpforms-field-medium wpforms-field-required\" name=\"wpforms[fields][5]\" aria-errormessage=\"wpforms-83-field_5-error\" required><\/div>\t\t<div id=\"wpforms-83-field_6-container\"\n\t\t\tclass=\"wpforms-field wpforms-field-text\"\n\t\t\tdata-field-type=\"text\"\n\t\t\tdata-field-id=\"6\"\n\t\t\t>\n\t\t\t<label class=\"wpforms-field-label\" for=\"wpforms-83-field_6\" >Message souhait\u00e9e T\u00e9l\u00e9phone<\/label>\n\t\t\t<input type=\"text\" id=\"wpforms-83-field_6\" class=\"wpforms-field-medium\" name=\"wpforms[fields][6]\" >\n\t\t<\/div>\n\t\t<div id=\"wpforms-83-field_4-container\" class=\"wpforms-field wpforms-field-select wpforms-field-select-style-classic\" data-field-id=\"4\"><label class=\"wpforms-field-label\" for=\"wpforms-83-field_4\">Formation souhait\u00e9e <span class=\"wpforms-required-label\" aria-hidden=\"true\">*<\/span><\/label><select id=\"wpforms-83-field_4\" class=\"wpforms-field-medium wpforms-field-required\" name=\"wpforms[fields][4]\" required=\"required\"><option value=\"\" class=\"placeholder\" disabled  selected='selected'>&#8212; S\u00e9lectionner un choix &#8212;<\/option><option value=\"Permis B bo\u00eete manuelle\"  class=\"choice-1 depth-1\"  >Permis B bo\u00eete manuelle<\/option><option value=\"Permis B bo\u00eete automatique\"  class=\"choice-2 depth-1\"  >Permis B bo\u00eete automatique<\/option><option value=\"AAC bo\u00eete manuelle\"  class=\"choice-3 depth-1\"  >AAC bo\u00eete manuelle<\/option><option value=\"AAC bo\u00eete automatique\"  class=\"choice-4 depth-1\"  >AAC bo\u00eete automatique<\/option><option value=\"Conduite supervis\u00e9e\"  class=\"choice-5 depth-1\"  >Conduite supervis\u00e9e<\/option><option value=\"Formation acc\u00e9l\u00e9r\u00e9e\"  class=\"choice-6 depth-1\"  >Formation acc\u00e9l\u00e9r\u00e9e<\/option><option value=\"Perfectionnement\"  class=\"choice-7 depth-1\"  >Perfectionnement<\/option><option value=\"Permis AM\"  class=\"choice-8 depth-1\"  >Permis AM<\/option><option value=\"Reprise de la conduite\"  class=\"choice-9 depth-1\"  >Reprise de la conduite<\/option><option value=\"Code seul\"  class=\"choice-10 depth-1\"  >Code seul<\/option><\/select><\/div><div id=\"wpforms-83-field_3-container\" class=\"wpforms-field wpforms-field-textarea\" data-field-id=\"3\"><label class=\"wpforms-field-label\" for=\"wpforms-83-field_3\">Message <span class=\"wpforms-required-label\" aria-hidden=\"true\">*<\/span><\/label><textarea id=\"wpforms-83-field_3\" class=\"wpforms-field-medium wpforms-field-required\" name=\"wpforms[fields][3]\" aria-errormessage=\"wpforms-83-field_3-error\" required><\/textarea><\/div><script>\n\t\t\t\t( function() {\n\t\t\t\t\tconst style = document.createElement( 'style' );\n\t\t\t\t\tstyle.appendChild( document.createTextNode( '#wpforms-83-field_6-container { position: absolute !important; overflow: hidden !important; display: inline !important; height: 1px !important; width: 1px !important; z-index: -1000 !important; padding: 0 !important; } #wpforms-83-field_6-container input { visibility: hidden; } #wpforms-conversational-form-page #wpforms-83-field_6-container label { counter-increment: none; }' ) );\n\t\t\t\t\tdocument.head.appendChild( style );\n\t\t\t\t\tdocument.currentScript?.remove();\n\t\t\t\t} )();\n\t\t\t<\/script><\/div><!-- .wpforms-field-container --><div class=\"wpforms-submit-container\" ><input type=\"hidden\" name=\"wpforms[id]\" value=\"83\"><input type=\"hidden\" name=\"page_title\" value=\"\"><input type=\"hidden\" name=\"page_url\" value=\"https:\/\/vercors-permis.fr\/index.php?rest_route=\/wp\/v2\/pages\/7\"><input type=\"hidden\" name=\"url_referer\" value=\"\"><button type=\"submit\" name=\"wpforms[submit]\" id=\"wpforms-submit-83\" class=\"wpforms-submit\" data-alt-text=\"Envoi...\" data-submit-text=\"Envoyer\" aria-live=\"assertive\" value=\"wpforms-submit\">Envoyer<\/button><img loading=\"lazy\" decoding=\"async\" src=\"https:\/\/vercors-permis.fr\/wp-content\/plugins\/wpforms-lite\/assets\/images\/submit-spin.svg\" class=\"wpforms-submit-spinner\" style=\"display: none;\" width=\"26\" height=\"26\" alt=\"Chargement en cours\"><\/div><\/form><\/div>  <!-- .wpforms-container -->\t\t\t\t\t\t\t\t<\/div>\n\t\t\t\t<\/div>\n\t\t\t\t<\/div>\n\t\t\t\t\t<\/div>\n\t\t\t\t<\/div>\n\t\t<div class=\"elementor-element elementor-element-42e54a7 e-flex e-con-boxed e-con e-parent\" data-id=\"42e54a7\" data-element_type=\"container\" data-e-type=\"container\">\n\t\t\t\t\t<div class=\"e-con-inner\">\n\t\t\t\t<div class=\"elementor-element elementor-element-021e69d elementor-widget elementor-widget-text-editor\" data-id=\"021e69d\" data-element_type=\"widget\" data-e-type=\"widget\" data-widget_type=\"text-editor.default\">\n\t\t\t\t<div class=\"elementor-widget-container\">\n\t\t\t\t\t\t\t\t\t<p>VERCORS PERMIS<br \/>SARL DOUCHET CONDUITE<br \/>153, Route du M\u00e9audret <br \/>38112 AUTRANS MEAUDRE EN VERCORS<br \/>N\u00b0 Agr\u00e9ment : E2503800050<\/p>\t\t\t\t\t\t\t\t<\/div>\n\t\t\t\t<\/div>\n\t\t\t\t\t<\/div>\n\t\t\t\t<\/div>\n\t\t\t\t<\/div>\n\t\t","protected":false},"excerpt":{"rendered":"<p>Votre r\u00e9ussite est notre priorit\u00e9 Obtenez votre permis de conduire avec VERCORS PERMIS,votre auto-\u00e9cole de confiance dans la r\u00e9gion du Vercors Nous contacter D\u00e9couvrir nos formations Nos formations D\u00e9couvrez nos diff\u00e9rentes formules adapt\u00e9es \u00e0 vos besoins et \u00e0 votre rythme d&rsquo;apprentissage Permis B Formation compl\u00e8te \u00e0 la conduite avec moniteurs\/s exp\u00e9riment\u00e9\/s et suivi personnalis\u00e9 \u00c9valuation&hellip;&nbsp;<\/p>\n","protected":false},"author":1,"featured_media":0,"parent":0,"menu_order":0,"comment_status":"closed","ping_status":"closed","template":"page-templates\/template-pagebuilder-full-width.php","meta":{"neve_meta_sidebar":"","neve_meta_container":"","neve_meta_enable_content_width":"","neve_meta_content_width":0,"neve_meta_title_alignment":"","neve_meta_author_avatar":"","neve_post_elements_order":"","neve_meta_disable_header":"","neve_meta_disable_footer":"","neve_meta_disable_title":"","footnotes":""},"class_list":["post-7","page","type-page","status-publish","hentry"],"_links":{"self":[{"href":"https:\/\/vercors-permis.fr\/index.php?rest_route=\/wp\/v2\/pages\/7","targetHints":{"allow":["GET"]}}],"collection":[{"href":"https:\/\/vercors-permis.fr\/index.php?rest_route=\/wp\/v2\/pages"}],"about":[{"href":"https:\/\/vercors-permis.fr\/index.php?rest_route=\/wp\/v2\/types\/page"}],"author":[{"embeddable":true,"href":"https:\/\/vercors-permis.fr\/index.php?rest_route=\/wp\/v2\/users\/1"}],"replies":[{"embeddable":true,"href":"https:\/\/vercors-permis.fr\/index.php?rest_route=%2Fwp%2Fv2%2Fcomments&post=7"}],"version-history":[{"count":413,"href":"https:\/\/vercors-permis.fr\/index.php?rest_route=\/wp\/v2\/pages\/7\/revisions"}],"predecessor-version":[{"id":597,"href":"https:\/\/vercors-permis.fr\/index.php?rest_route=\/wp\/v2\/pages\/7\/revisions\/597"}],"wp:attachment":[{"href":"https:\/\/vercors-permis.fr\/index.php?rest_route=%2Fwp%2Fv2%2Fmedia&parent=7"}],"curies":[{"name":"wp","href":"https:\/\/api.w.org\/{rel}","templated":true}]}}